{"id":17,"date":"2020-08-12T11:11:58","date_gmt":"2020-08-12T09:11:58","guid":{"rendered":"https:\/\/denkmal.arctron.de\/friedenstraum\/?page_id=17"},"modified":"2024-09-19T10:36:17","modified_gmt":"2024-09-19T08:36:17","slug":"home","status":"publish","type":"page","link":"https:\/\/denkmal.arctron.de\/friedenstraum\/en\/","title":{"rendered":"Home"},"content":{"rendered":"<div data-elementor-type=\"wp-page\" data-elementor-id=\"17\" class=\"elementor elementor-17\" data-elementor-post-type=\"page\">\n\t\t\t\t\t\t<section class=\"elementor-section elementor-top-section elementor-element elementor-element-7d8207e elementor-section-stretched elementor-section-full_width elementor-section-height-default elementor-section-height-default\" data-id=\"7d8207e\" data-element_type=\"section\" data-e-type=\"section\" id=\"home\" data-settings=\"{&quot;stretch_section&quot;:&quot;section-stretched&quot;,&quot;background_background&quot;:&quot;classic&quot;}\">\n\t\t\t\t\t\t\t<div class=\"elementor-background-overlay\"><\/div>\n\t\t\t\t\t\t\t<div class=\"elementor-container elementor-column-gap-default\">\n\t\t\t\t\t<div class=\"elementor-column elementor-col-100 elementor-top-column elementor-element elementor-element-dd2493f\" data-id=\"dd2493f\" data-element_type=\"column\" data-e-type=\"column\" data-settings=\"{&quot;background_background&quot;:&quot;classic&quot;}\">\n\t\t\t<div class=\"elementor-widget-wrap elementor-element-populated\">\n\t\t\t\t\t\t<div class=\"elementor-element elementor-element-30d3072 elementor-widget elementor-widget-spacer\" data-id=\"30d3072\" data-element_type=\"widget\" data-e-type=\"widget\" data-widget_type=\"spacer.default\">\n\t\t\t\t<div class=\"elementor-widget-container\">\n\t\t\t\t\t\t\t<div class=\"elementor-spacer\">\n\t\t\t<div class=\"elementor-spacer-inner\"><\/div>\n\t\t<\/div>\n\t\t\t\t\t\t<\/div>\n\t\t\t\t<\/div>\n\t\t\t\t<div class=\"elementor-element elementor-element-d7c77e4 elementor-align-left elementor-widget elementor-widget-button\" data-id=\"d7c77e4\" data-element_type=\"widget\" data-e-type=\"widget\" data-widget_type=\"button.default\">\n\t\t\t\t<div class=\"elementor-widget-container\">\n\t\t\t\t\t\t\t\t\t<div class=\"elementor-button-wrapper\">\n\t\t\t\t\t<a class=\"elementor-button elementor-button-link elementor-size-lg\" href=\"https:\/\/denkmal.arctron.de\/friedenstraum\/en\/\">\n\t\t\t\t\t\t<span class=\"elementor-button-content-wrapper\">\n\t\t\t\t\t\t\t\t\t<span class=\"elementor-button-text\">Weitere Projekte<\/span>\n\t\t\t\t\t<\/span>\n\t\t\t\t\t<\/a>\n\t\t\t\t<\/div>\n\t\t\t\t\t\t\t\t<\/div>\n\t\t\t\t<\/div>\n\t\t\t\t\t<\/div>\n\t\t<\/div>\n\t\t\t\t\t<\/div>\n\t\t<\/section>\n\t\t\t\t<section class=\"elementor-section elementor-top-section elementor-element elementor-element-0debfed elementor-section-boxed elementor-section-height-default elementor-section-height-default\" data-id=\"0debfed\" data-element_type=\"section\" data-e-type=\"section\">\n\t\t\t\t\t\t<div class=\"elementor-container elementor-column-gap-default\">\n\t\t\t\t\t<div class=\"elementor-column elementor-col-100 elementor-top-column elementor-element elementor-element-c42375c\" data-id=\"c42375c\" data-element_type=\"column\" data-e-type=\"column\">\n\t\t\t<div class=\"elementor-widget-wrap elementor-element-populated\">\n\t\t\t\t\t\t<div class=\"elementor-element elementor-element-d3b8c0c elementor-widget__width-initial elementor-widget elementor-widget-heading\" data-id=\"d3b8c0c\" data-element_type=\"widget\" data-e-type=\"widget\" data-widget_type=\"heading.default\">\n\t\t\t\t<div class=\"elementor-widget-container\">\n\t\t\t\t\t<h2 class=\"elementor-heading-title elementor-size-default\">DIE \"S\u00c4ULE F\u00dcR DEN FRIEDEN\" <br><\/h2>\t\t\t\t<\/div>\n\t\t\t\t<\/div>\n\t\t\t\t<div class=\"elementor-element elementor-element-9a5b810 elementor-widget elementor-widget-text-editor\" data-id=\"9a5b810\" data-element_type=\"widget\" data-e-type=\"widget\" data-widget_type=\"text-editor.default\">\n\t\t\t\t<div class=\"elementor-widget-container\">\n\t\t\t\t\t\t\t\t\t<p><a name=\"_GoBack\"><\/a><span style=\"font-size: 24px; letter-spacing: normal; word-spacing: normal; white-space: pre-wrap;\"><b>Raum f\u00fcr Kultur, Freude und Gemeinschaft bietet die &#8222;S\u00e4ule f\u00fcr den Frieden&#8220;! <\/b><\/span><span style=\"word-spacing: normal; white-space-collapse: preserve;\"><b>Mehr als ein Traum, in Regensburg und \u00fcberall!\u00a0<\/b><\/span><\/p><p class=\"western\" align=\"justify\">In einer Zeit, in der kriegerische Konflikte so aktuell und pr\u00e4sent sind wie schon lange nicht mehr, haben diese Werte und der &#8222;Traum vom Frieden&#8220; eine ganz besondere Bedeutung.<\/p><p>Daher stand auch das diesj\u00e4hrige Regensburger <i>Gassenfest an der Donau<\/i> ganz unter diesem Motto. Vom 21.06 bis zum 23.06.2024 fanden an mehreren Standorten in der Regensburger Altstadt verschiedenste Kulturveranstaltungen aus den Bereichen Musik, Tanz, Kunst sowie spannende Mitmach-Aktionen statt.<\/p><p>Ein besonderes Highlight war dabei die von kleinen und gro\u00dfen Besuchern gestaltete\u00a0<b><i>S\u00e4ule f\u00fcr den Frieden<\/i><\/b><i>.<\/i><\/p>\t\t\t\t\t\t\t\t<\/div>\n\t\t\t\t<\/div>\n\t\t\t\t<div class=\"elementor-element elementor-element-2896a0b elementor-widget elementor-widget-video\" data-id=\"2896a0b\" data-element_type=\"widget\" data-e-type=\"widget\" data-settings=\"{&quot;video_type&quot;:&quot;vimeo&quot;,&quot;loop&quot;:&quot;yes&quot;}\" data-widget_type=\"video.default\">\n\t\t\t\t<div class=\"elementor-widget-container\">\n\t\t\t\t\t\t\t<div class=\"elementor-wrapper elementor-open-inline\">\n\t\t\t<iframe class=\"elementor-video-iframe\" allowfullscreen allow=\"clipboard-write\" title=\"vimeo Video Player\" src=\"https:\/\/player.vimeo.com\/video\/981256038?color&amp;autopause=0&amp;loop=1&amp;muted=0&amp;title=0&amp;portrait=0&amp;byline=0#t=\"><\/iframe>\t\t<\/div>\n\t\t\t\t\t\t<\/div>\n\t\t\t\t<\/div>\n\t\t\t\t<div class=\"elementor-element elementor-element-9fd2e45 elementor-hidden-tablet elementor-hidden-mobile elementor-widget elementor-widget-shortcode\" data-id=\"9fd2e45\" data-element_type=\"widget\" data-e-type=\"widget\" data-widget_type=\"shortcode.default\">\n\t\t\t\t<div class=\"elementor-widget-container\">\n\t\t\t\t\t\t\t<div class=\"elementor-shortcode\"><div class=\"sketchfab-embed-wrapper\"> <iframe title=\"FriedensTraum\" frameborder=\"0\" allowfullscreen mozallowfullscreen=\"true\" webkitallowfullscreen=\"true\" allow=\"autoplay; fullscreen; xr-spatial-tracking\" xr-spatial-tracking execution-while-out-of-viewport execution-while-not-rendered web-share width=\"640\" height=\"720\" src=\"https:\/\/sketchfab.com\/models\/2560eced19f34f378d7ef3b3275594e4\/embed?camera=0&ui_animations=0&ui_infos=0&ui_inspector=0&ui_watermark_link=0&ui_watermark=0&ui_ar=0&ui_vr=0&ui_annotations=0\"> <\/iframe> <\/div><\/div>\n\t\t\t\t\t\t<\/div>\n\t\t\t\t<\/div>\n\t\t\t\t<div class=\"elementor-element elementor-element-c416584 elementor-hidden-desktop elementor-widget elementor-widget-shortcode\" data-id=\"c416584\" data-element_type=\"widget\" data-e-type=\"widget\" data-widget_type=\"shortcode.default\">\n\t\t\t\t<div class=\"elementor-widget-container\">\n\t\t\t\t\t\t\t<div class=\"elementor-shortcode\"><div class=\"sketchfab-embed-wrapper\"> <iframe title=\"FriedensTraum\" frameborder=\"0\" allowfullscreen mozallowfullscreen=\"true\" webkitallowfullscreen=\"true\" allow=\"autoplay; fullscreen; xr-spatial-tracking\" xr-spatial-tracking execution-while-out-of-viewport execution-while-not-rendered web-share width=\"640\" height=\"420\" src=\"https:\/\/sketchfab.com\/models\/2560eced19f34f378d7ef3b3275594e4\/embed?camera=0&ui_animations=0&ui_infos=0&ui_inspector=0&ui_watermark_link=0&ui_watermark=0&ui_ar=0&ui_vr=0&ui_annotations=0\"> <\/iframe> <\/div><\/div>\n\t\t\t\t\t\t<\/div>\n\t\t\t\t<\/div>\n\t\t\t\t<div class=\"elementor-element elementor-element-bcaee44 elementor-widget elementor-widget-text-editor\" data-id=\"bcaee44\" data-element_type=\"widget\" data-e-type=\"widget\" data-widget_type=\"text-editor.default\">\n\t\t\t\t<div class=\"elementor-widget-container\">\n\t\t\t\t\t\t\t\t\t<p>Dieses interaktive 3D-Modell der S\u00e4ule wurde auf Basis von knapp 2.700 Fotos mittels Photogrammetrie erstellt. Mithilfe des Programms <i>Reality Capture<\/i> wurden die Fotos so ausgerichtet, dass durch die \u00dcberlappung \u00e4hnlicher Bildelemente ein hochqualitatives 3D-Modell generiert werden kann. Im Verarbeitungsprozess wurde dieses Modell dann wieder reduziert und optimiert, um nun hier online und 3D zur interaktiven Nutzung zur Verf\u00fcgung zu stehen.\u00a0<\/p>\t\t\t\t\t\t\t\t<\/div>\n\t\t\t\t<\/div>\n\t\t\t\t<div class=\"elementor-element elementor-element-a0a9e7c elementor-skin-slideshow elementor-arrows-yes elementor-widget elementor-widget-media-carousel\" data-id=\"a0a9e7c\" data-element_type=\"widget\" data-e-type=\"widget\" data-settings=\"{&quot;skin&quot;:&quot;slideshow&quot;,&quot;effect&quot;:&quot;cube&quot;,&quot;show_arrows&quot;:&quot;yes&quot;,&quot;speed&quot;:500,&quot;autoplay&quot;:&quot;yes&quot;,&quot;autoplay_speed&quot;:5000,&quot;loop&quot;:&quot;yes&quot;,&quot;pause_on_hover&quot;:&quot;yes&quot;,&quot;pause_on_interaction&quot;:&quot;yes&quot;,&quot;space_between&quot;:{&quot;unit&quot;:&quot;px&quot;,&quot;size&quot;:10,&quot;sizes&quot;:[]},&quot;space_between_tablet&quot;:{&quot;unit&quot;:&quot;px&quot;,&quot;size&quot;:10,&quot;sizes&quot;:[]},&quot;space_between_mobile&quot;:{&quot;unit&quot;:&quot;px&quot;,&quot;size&quot;:10,&quot;sizes&quot;:[]}}\" data-widget_type=\"media-carousel.default\">\n\t\t\t\t<div class=\"elementor-widget-container\">\n\t\t\t\t\t\t\t\t\t<div class=\"elementor-swiper\">\n\t\t\t\t\t<div class=\"elementor-main-swiper swiper\" role=\"region\" aria-roledescription=\"carousel\" aria-label=\"Slider\">\n\t\t\t\t<div class=\"swiper-wrapper\">\n\t\t\t\t\t\t\t\t\t\t\t<div class=\"swiper-slide\" role=\"group\" aria-roledescription=\"slide\">\n\t\t\t\t\t\t\t\t\t<div class=\"elementor-carousel-image\" role=\"img\" aria-label=\"20240623_182250\" style=\"background-image: url(&#039;https:\/\/denkmal.arctron.de\/friedenstraum\/wp-content\/uploads\/sites\/38\/2024\/07\/20240623_182250.jpg&#039;)\">\n\n\t\t\t\n\t\t\t\t\t<\/div>\n\t\t\t\t\t\t\t\t<\/div>\n\t\t\t\t\t\t\t\t\t\t\t<div class=\"swiper-slide\" role=\"group\" aria-roledescription=\"slide\">\n\t\t\t\t\t\t\t\t\t<div class=\"elementor-carousel-image\" role=\"img\" aria-label=\"20240623_184342\" style=\"background-image: url(&#039;https:\/\/denkmal.arctron.de\/friedenstraum\/wp-content\/uploads\/sites\/38\/2024\/07\/20240623_184342.jpg&#039;)\">\n\n\t\t\t\n\t\t\t\t\t<\/div>\n\t\t\t\t\t\t\t\t<\/div>\n\t\t\t\t\t\t\t\t\t\t\t<div class=\"swiper-slide\" role=\"group\" aria-roledescription=\"slide\">\n\t\t\t\t\t\t\t\t\t<div class=\"elementor-carousel-image\" role=\"img\" aria-label=\"20240623_184858\" style=\"background-image: url(&#039;https:\/\/denkmal.arctron.de\/friedenstraum\/wp-content\/uploads\/sites\/38\/2024\/07\/20240623_184858.jpg&#039;)\">\n\n\t\t\t\n\t\t\t\t\t<\/div>\n\t\t\t\t\t\t\t\t<\/div>\n\t\t\t\t\t\t\t\t\t\t\t<div class=\"swiper-slide\" role=\"group\" aria-roledescription=\"slide\">\n\t\t\t\t\t\t\t\t\t<div class=\"elementor-carousel-image\" role=\"img\" aria-label=\"20240623_190340\" style=\"background-image: url(&#039;https:\/\/denkmal.arctron.de\/friedenstraum\/wp-content\/uploads\/sites\/38\/2024\/07\/20240623_190340.jpg&#039;)\">\n\n\t\t\t\n\t\t\t\t\t<\/div>\n\t\t\t\t\t\t\t\t<\/div>\n\t\t\t\t\t\t\t\t\t\t\t<div class=\"swiper-slide\" role=\"group\" aria-roledescription=\"slide\">\n\t\t\t\t\t\t\t\t\t<div class=\"elementor-carousel-image\" role=\"img\" aria-label=\"FT_RC_01\" style=\"background-image: url(&#039;https:\/\/denkmal.arctron.de\/friedenstraum\/wp-content\/uploads\/sites\/38\/2024\/07\/FT_RC_01.jpg&#039;)\">\n\n\t\t\t\n\t\t\t\t\t<\/div>\n\t\t\t\t\t\t\t\t<\/div>\n\t\t\t\t\t\t\t\t\t\t\t<div class=\"swiper-slide\" role=\"group\" aria-roledescription=\"slide\">\n\t\t\t\t\t\t\t\t\t<div class=\"elementor-carousel-image\" role=\"img\" aria-label=\"FT_RC_05\" style=\"background-image: url(&#039;https:\/\/denkmal.arctron.de\/friedenstraum\/wp-content\/uploads\/sites\/38\/2024\/07\/FT_RC_05.jpg&#039;)\">\n\n\t\t\t\n\t\t\t\t\t<\/div>\n\t\t\t\t\t\t\t\t<\/div>\n\t\t\t\t\t\t\t\t\t\t\t<div class=\"swiper-slide\" role=\"group\" aria-roledescription=\"slide\">\n\t\t\t\t\t\t\t\t\t<div class=\"elementor-carousel-image\" role=\"img\" aria-label=\"FT_RC_06\" style=\"background-image: url(&#039;https:\/\/denkmal.arctron.de\/friedenstraum\/wp-content\/uploads\/sites\/38\/2024\/07\/FT_RC_06.jpg&#039;)\">\n\n\t\t\t\n\t\t\t\t\t<\/div>\n\t\t\t\t\t\t\t\t<\/div>\n\t\t\t\t\t\t\t\t\t\t\t<div class=\"swiper-slide\" role=\"group\" aria-roledescription=\"slide\">\n\t\t\t\t\t\t\t\t\t<div class=\"elementor-carousel-image\" role=\"img\" aria-label=\"RC_V2 (1)\" style=\"background-image: url(&#039;https:\/\/denkmal.arctron.de\/friedenstraum\/wp-content\/uploads\/sites\/38\/2024\/07\/RC_V2-1.png&#039;)\">\n\n\t\t\t\n\t\t\t\t\t<\/div>\n\t\t\t\t\t\t\t\t<\/div>\n\t\t\t\t\t\t\t\t\t<\/div>\n\t\t\t\t\t\t\t\t\t\t\t\t\t\t\t<div class=\"elementor-swiper-button elementor-swiper-button-prev\" role=\"button\" tabindex=\"0\" aria-label=\"Voriger\">\n\t\t\t\t\t\t\t<i aria-hidden=\"true\" class=\"eicon-chevron-left\"><\/i>\t\t\t\t\t\t<\/div>\n\t\t\t\t\t\t<div class=\"elementor-swiper-button elementor-swiper-button-next\" role=\"button\" tabindex=\"0\" aria-label=\"N\u00e4chster\">\n\t\t\t\t\t\t\t<i aria-hidden=\"true\" class=\"eicon-chevron-right\"><\/i>\t\t\t\t\t\t<\/div>\n\t\t\t\t\t\t\t\t\t\t\t\t\t\t\t\t\t<\/div>\n\t\t\t\t<\/div>\n\t\t\t\t\t\t\t\t<div class=\"elementor-swiper\">\n\t\t\t\t\t<div class=\"elementor-main-swiper swiper elementor-thumbnails-swiper swiper\" role=\"region region\" aria-roledescription=\"carousel carousel\" aria-label=\"Slider Slider\">\n\t\t\t\t<div class=\"swiper-wrapper\">\n\t\t\t\t\t\t\t\t\t\t\t<div class=\"swiper-slide\" role=\"group\" aria-roledescription=\"slide\">\n\t\t\t\t\t\t\t\t\t<div class=\"elementor-carousel-image\" role=\"img\" aria-label=\"20240623_182250\" style=\"background-image: url(&#039;https:\/\/denkmal.arctron.de\/friedenstraum\/wp-content\/uploads\/sites\/38\/2024\/07\/20240623_182250.jpg&#039;)\">\n\n\t\t\t\n\t\t\t\t\t<\/div>\n\t\t\t\t\t\t\t\t<\/div>\n\t\t\t\t\t\t\t\t\t\t\t<div class=\"swiper-slide\" role=\"group\" aria-roledescription=\"slide\">\n\t\t\t\t\t\t\t\t\t<div class=\"elementor-carousel-image\" role=\"img\" aria-label=\"20240623_184342\" style=\"background-image: url(&#039;https:\/\/denkmal.arctron.de\/friedenstraum\/wp-content\/uploads\/sites\/38\/2024\/07\/20240623_184342.jpg&#039;)\">\n\n\t\t\t\n\t\t\t\t\t<\/div>\n\t\t\t\t\t\t\t\t<\/div>\n\t\t\t\t\t\t\t\t\t\t\t<div class=\"swiper-slide\" role=\"group\" aria-roledescription=\"slide\">\n\t\t\t\t\t\t\t\t\t<div class=\"elementor-carousel-image\" role=\"img\" aria-label=\"20240623_184858\" style=\"background-image: url(&#039;https:\/\/denkmal.arctron.de\/friedenstraum\/wp-content\/uploads\/sites\/38\/2024\/07\/20240623_184858.jpg&#039;)\">\n\n\t\t\t\n\t\t\t\t\t<\/div>\n\t\t\t\t\t\t\t\t<\/div>\n\t\t\t\t\t\t\t\t\t\t\t<div class=\"swiper-slide\" role=\"group\" aria-roledescription=\"slide\">\n\t\t\t\t\t\t\t\t\t<div class=\"elementor-carousel-image\" role=\"img\" aria-label=\"20240623_190340\" style=\"background-image: url(&#039;https:\/\/denkmal.arctron.de\/friedenstraum\/wp-content\/uploads\/sites\/38\/2024\/07\/20240623_190340.jpg&#039;)\">\n\n\t\t\t\n\t\t\t\t\t<\/div>\n\t\t\t\t\t\t\t\t<\/div>\n\t\t\t\t\t\t\t\t\t\t\t<div class=\"swiper-slide\" role=\"group\" aria-roledescription=\"slide\">\n\t\t\t\t\t\t\t\t\t<div class=\"elementor-carousel-image\" role=\"img\" aria-label=\"FT_RC_01\" style=\"background-image: url(&#039;https:\/\/denkmal.arctron.de\/friedenstraum\/wp-content\/uploads\/sites\/38\/2024\/07\/FT_RC_01.jpg&#039;)\">\n\n\t\t\t\n\t\t\t\t\t<\/div>\n\t\t\t\t\t\t\t\t<\/div>\n\t\t\t\t\t\t\t\t\t\t\t<div class=\"swiper-slide\" role=\"group\" aria-roledescription=\"slide\">\n\t\t\t\t\t\t\t\t\t<div class=\"elementor-carousel-image\" role=\"img\" aria-label=\"FT_RC_05\" style=\"background-image: url(&#039;https:\/\/denkmal.arctron.de\/friedenstraum\/wp-content\/uploads\/sites\/38\/2024\/07\/FT_RC_05.jpg&#039;)\">\n\n\t\t\t\n\t\t\t\t\t<\/div>\n\t\t\t\t\t\t\t\t<\/div>\n\t\t\t\t\t\t\t\t\t\t\t<div class=\"swiper-slide\" role=\"group\" aria-roledescription=\"slide\">\n\t\t\t\t\t\t\t\t\t<div class=\"elementor-carousel-image\" role=\"img\" aria-label=\"FT_RC_06\" style=\"background-image: url(&#039;https:\/\/denkmal.arctron.de\/friedenstraum\/wp-content\/uploads\/sites\/38\/2024\/07\/FT_RC_06.jpg&#039;)\">\n\n\t\t\t\n\t\t\t\t\t<\/div>\n\t\t\t\t\t\t\t\t<\/div>\n\t\t\t\t\t\t\t\t\t\t\t<div class=\"swiper-slide\" role=\"group\" aria-roledescription=\"slide\">\n\t\t\t\t\t\t\t\t\t<div class=\"elementor-carousel-image\" role=\"img\" aria-label=\"RC_V2 (1)\" style=\"background-image: url(&#039;https:\/\/denkmal.arctron.de\/friedenstraum\/wp-content\/uploads\/sites\/38\/2024\/07\/RC_V2-1.png&#039;)\">\n\n\t\t\t\n\t\t\t\t\t<\/div>\n\t\t\t\t\t\t\t\t<\/div>\n\t\t\t\t\t\t\t\t\t<\/div>\n\t\t\t\t\t\t\t\t\t\t\t\t\t\t\t\t\t\t\t\t\t<\/div>\n\t\t\t\t<\/div>\n\t\t\t\t\t\t\t\t<\/div>\n\t\t\t\t<\/div>\n\t\t\t\t<div class=\"elementor-element elementor-element-cfc008e elementor-widget elementor-widget-text-editor\" data-id=\"cfc008e\" data-element_type=\"widget\" data-e-type=\"widget\" data-widget_type=\"text-editor.default\">\n\t\t\t\t<div class=\"elementor-widget-container\">\n\t\t\t\t\t\t\t\t\t<p>Bei der &#8222;S\u00e4ule f\u00fcr den Frieden&#8220; handelt es sich um eine 4 Meter hohe Betons\u00e4ule, die ringsum mit Symbolen des Friedens verziert ist. Die ganz \u00fcberwiegend &#8222;kleinen&#8220; K\u00fcnstler\u00a0 konnten w\u00e4hrend der drei Aktionstage aktiv zur Gestaltung der Friedenss\u00e4ule beitragen. Aus Modelliermasse formten sie rund 600 Friedenssymbole, die nach der Trocknung bunt angemalt und an der S\u00e4ule fixiert wurden. Man erkennt Friedenstauben, Fische, Katzen, Peace-Zeichen oder einfach das Wort Frieden. Den Sockel schm\u00fccken neben Inschriften zum Motto und zum Projekt bunte Fingerabdr\u00fccke der beteiligten &#8222;Friedenstr\u00e4umer&#8220;.<\/p>\t\t\t\t\t\t\t\t<\/div>\n\t\t\t\t<\/div>\n\t\t\t\t<div class=\"elementor-element elementor-element-4eb00a4 elementor-widget elementor-widget-text-editor\" data-id=\"4eb00a4\" data-element_type=\"widget\" data-e-type=\"widget\" data-widget_type=\"text-editor.default\">\n\t\t\t\t<div class=\"elementor-widget-container\">\n\t\t\t\t\t\t\t\t\t<p>Die Projektidee stammt von Stephanie Zuber aus dem F\u00f6rderkreis\u00a0<a href=\"https:\/\/www.aktionkultursozial.de\/#\/\"><i style=\"word-spacing: normal;\">AktionKulturSozial<\/i><\/a><span style=\"word-spacing: normal;\">. Zusammen mit weiteren Mitgliedern der gemeinn\u00fctzigen Organisation hat sie sich pers\u00f6nlich in m\u00fchevoller Eigenarbeit um die Konzeption, Gestaltung und um den Modellbau der 4m hohen S\u00e4ule gek\u00fcmmert.<\/span><\/p><p>Bereits im Vorfeld entstand eine 40cm hohe Miniaturversion der S\u00e4ule, die nun im Kasperltheater <i>Larifari<\/i> zu bewundern ist.<\/p>\t\t\t\t\t\t\t\t<\/div>\n\t\t\t\t<\/div>\n\t\t\t\t<div class=\"elementor-element elementor-element-129ce2e elementor-hidden-desktop elementor-hidden-tablet elementor-hidden-mobile elementor-arrows-position-inside elementor-pagination-position-outside elementor-widget elementor-widget-image-carousel\" data-id=\"129ce2e\" data-element_type=\"widget\" data-e-type=\"widget\" data-settings=\"{&quot;slides_to_show&quot;:&quot;1&quot;,&quot;navigation&quot;:&quot;both&quot;,&quot;autoplay&quot;:&quot;yes&quot;,&quot;pause_on_hover&quot;:&quot;yes&quot;,&quot;pause_on_interaction&quot;:&quot;yes&quot;,&quot;autoplay_speed&quot;:5000,&quot;infinite&quot;:&quot;yes&quot;,&quot;effect&quot;:&quot;slide&quot;,&quot;speed&quot;:500}\" data-widget_type=\"image-carousel.default\">\n\t\t\t\t<div class=\"elementor-widget-container\">\n\t\t\t\t\t\t\t<div class=\"elementor-image-carousel-wrapper swiper\" role=\"region\" aria-roledescription=\"carousel\" aria-label=\"Bild Karussell\" dir=\"ltr\">\n\t\t\t<div class=\"elementor-image-carousel swiper-wrapper\" aria-live=\"off\">\n\t\t\t\t\t\t\t\t<div class=\"swiper-slide\" role=\"group\" aria-roledescription=\"slide\" aria-label=\"1 von 13\"><figure class=\"swiper-slide-inner\"><img decoding=\"async\" class=\"swiper-slide-image\" src=\"https:\/\/denkmal.arctron.de\/friedenstraum\/wp-content\/uploads\/sites\/38\/elementor\/thumbs\/Friedenssaeule_HisMuseumRgb-qqnnntq3bcpv3ud26ln7m42h3u2u30lc4wixwzubjw.jpg\" alt=\"Friedenss\u00e4ule Historischen Museum Regensburg\" \/><\/figure><\/div><div class=\"swiper-slide\" role=\"group\" aria-roledescription=\"slide\" aria-label=\"2 von 13\"><figure class=\"swiper-slide-inner\"><img decoding=\"async\" class=\"swiper-slide-image\" src=\"https:\/\/denkmal.arctron.de\/friedenstraum\/wp-content\/uploads\/sites\/38\/elementor\/thumbs\/Dokumentation-Fotos_2024-06-18-5-qqnomh1x8i5d2e18v2t50vb5e5awtd558e89r6gw70.jpg\" alt=\"PowerPoint-Pr\u00e4sentation\" \/><\/figure><\/div><div class=\"swiper-slide\" role=\"group\" aria-roledescription=\"slide\" aria-label=\"3 von 13\"><figure class=\"swiper-slide-inner\"><img decoding=\"async\" class=\"swiper-slide-image\" src=\"https:\/\/denkmal.arctron.de\/friedenstraum\/wp-content\/uploads\/sites\/38\/elementor\/thumbs\/Dokumentation-Fotos_2024-06-18-9-qqnomixlm67xplyik3me5uu2kx1n8rclwnj8pqe3uk.jpg\" alt=\"PowerPoint-Pr\u00e4sentation\" \/><\/figure><\/div><div class=\"swiper-slide\" role=\"group\" aria-roledescription=\"slide\" aria-label=\"4 von 13\"><figure class=\"swiper-slide-inner\"><img decoding=\"async\" class=\"swiper-slide-image\" src=\"https:\/\/denkmal.arctron.de\/friedenstraum\/wp-content\/uploads\/sites\/38\/elementor\/thumbs\/Dokumentation-Fotos_2024-06-18-22-scaled-qqnommoydid301t1y58wftvwygj43jrj9656mu8j5o.jpg\" alt=\"PowerPoint-Pr\u00e4sentation\" \/><\/figure><\/div><div class=\"swiper-slide\" role=\"group\" aria-roledescription=\"slide\" aria-label=\"5 von 13\"><figure class=\"swiper-slide-inner\"><img decoding=\"async\" class=\"swiper-slide-image\" src=\"https:\/\/denkmal.arctron.de\/friedenstraum\/wp-content\/uploads\/sites\/38\/elementor\/thumbs\/Dokumentation-Fotos_2024-06-18-26-scaled-qqnomqgb4ui8ahnlc6vepsxrc00kyc6glor4jy2ygs.jpg\" alt=\"PowerPoint-Pr\u00e4sentation\" \/><\/figure><\/div><div class=\"swiper-slide\" role=\"group\" aria-roledescription=\"slide\" aria-label=\"6 von 13\"><figure class=\"swiper-slide-inner\"><img decoding=\"async\" class=\"swiper-slide-image\" src=\"https:\/\/denkmal.arctron.de\/friedenstraum\/wp-content\/uploads\/sites\/38\/elementor\/thumbs\/Dokumentation-Fotos_2024-06-18-33-qqnomsbziiksxpkv17onusgoirrbdqdx9y23ii064c.jpg\" alt=\"PowerPoint-Pr\u00e4sentation\" \/><\/figure><\/div><div class=\"swiper-slide\" role=\"group\" aria-roledescription=\"slide\" aria-label=\"7 von 13\"><figure class=\"swiper-slide-inner\"><img decoding=\"async\" class=\"swiper-slide-image\" src=\"https:\/\/denkmal.arctron.de\/friedenstraum\/wp-content\/uploads\/sites\/38\/elementor\/thumbs\/Dokumentation-Fotos_2024-06-18-34-qqnomu7nw6ndkxi4q8hwzrzlpji1t4ldy7d2h1xdrw.jpg\" alt=\"PowerPoint-Pr\u00e4sentation\" \/><\/figure><\/div><div class=\"swiper-slide\" role=\"group\" aria-roledescription=\"slide\" aria-label=\"8 von 13\"><figure class=\"swiper-slide-inner\"><img decoding=\"async\" class=\"swiper-slide-image\" src=\"https:\/\/denkmal.arctron.de\/friedenstraum\/wp-content\/uploads\/sites\/38\/elementor\/thumbs\/Dokumentation-Fotos_2024-06-18-38-qqnomw3c9upy85fef9b64riiwb8s8isumgo1flulfg.jpg\" alt=\"PowerPoint-Pr\u00e4sentation\" \/><\/figure><\/div><div class=\"swiper-slide\" role=\"group\" aria-roledescription=\"slide\" aria-label=\"9 von 13\"><figure class=\"swiper-slide-inner\"><img decoding=\"async\" class=\"swiper-slide-image\" src=\"https:\/\/denkmal.arctron.de\/friedenstraum\/wp-content\/uploads\/sites\/38\/elementor\/thumbs\/Dokumentation-Fotos_2024-06-18-42-scaled-qqnomxz0nisivdco4a4f9r1g32zinx0bapz0e5rt30.jpg\" alt=\"PowerPoint-Pr\u00e4sentation\" \/><\/figure><\/div><div class=\"swiper-slide\" role=\"group\" aria-roledescription=\"slide\" aria-label=\"10 von 13\"><figure class=\"swiper-slide-inner\"><img decoding=\"async\" class=\"swiper-slide-image\" src=\"https:\/\/denkmal.arctron.de\/friedenstraum\/wp-content\/uploads\/sites\/38\/elementor\/thumbs\/Dokumentation-Fotos_2024-06-18-22-1-scaled-qqnotjs6olu2gpr8jmx1al12dkfdrc8ejf0ut5z7cs.jpg\" alt=\"PowerPoint-Pr\u00e4sentation\" \/><\/figure><\/div><div class=\"swiper-slide\" role=\"group\" aria-roledescription=\"slide\" aria-label=\"11 von 13\"><figure class=\"swiper-slide-inner\"><img decoding=\"async\" class=\"swiper-slide-image\" src=\"https:\/\/denkmal.arctron.de\/friedenstraum\/wp-content\/uploads\/sites\/38\/elementor\/thumbs\/Dokumentation-Fotos_2024-06-18-50-qqnon2o7loyyhf5ucu5k47ur20ccqeiyzd8fsjku7w.jpg\" alt=\"PowerPoint-Pr\u00e4sentation\" \/><\/figure><\/div><div class=\"swiper-slide\" role=\"group\" aria-roledescription=\"slide\" aria-label=\"12 von 13\"><figure class=\"swiper-slide-inner\"><img decoding=\"async\" class=\"swiper-slide-image\" src=\"https:\/\/denkmal.arctron.de\/friedenstraum\/wp-content\/uploads\/sites\/38\/elementor\/thumbs\/Dokumentation-Fotos_2024-06-18-58-qqnon7dejv5e3gz0le6oyoo20xp6sw1mo0hv6xdvcs.jpg\" alt=\"PowerPoint-Pr\u00e4sentation\" \/><\/figure><\/div><div class=\"swiper-slide\" role=\"group\" aria-roledescription=\"slide\" aria-label=\"13 von 13\"><figure class=\"swiper-slide-inner\"><img decoding=\"async\" class=\"swiper-slide-image\" src=\"https:\/\/denkmal.arctron.de\/friedenstraum\/wp-content\/uploads\/sites\/38\/elementor\/thumbs\/Dokumentation-Fotos_2024-06-18-62-qqnon8b8qp6of2xnfwlbj6fimbkk0l5d055co7ch6k.jpg\" alt=\"PowerPoint-Pr\u00e4sentation\" \/><\/figure><\/div>\t\t\t<\/div>\n\t\t\t\t\t\t\t\t\t\t\t\t<div class=\"elementor-swiper-button elementor-swiper-button-prev\" role=\"button\" tabindex=\"0\">\n\t\t\t\t\t\t<i aria-hidden=\"true\" class=\"eicon-chevron-left\"><\/i>\t\t\t\t\t<\/div>\n\t\t\t\t\t<div class=\"elementor-swiper-button elementor-swiper-button-next\" role=\"button\" tabindex=\"0\">\n\t\t\t\t\t\t<i aria-hidden=\"true\" class=\"eicon-chevron-right\"><\/i>\t\t\t\t\t<\/div>\n\t\t\t\t\n\t\t\t\t\t\t\t\t\t<div class=\"swiper-pagination\"><\/div>\n\t\t\t\t\t\t\t\t\t<\/div>\n\t\t\t\t\t\t<\/div>\n\t\t\t\t<\/div>\n\t\t\t\t<section class=\"elementor-section elementor-inner-section elementor-element elementor-element-7f310d0 elementor-section-boxed elementor-section-height-default elementor-section-height-default\" data-id=\"7f310d0\" data-element_type=\"section\" data-e-type=\"section\">\n\t\t\t\t\t\t<div class=\"elementor-container elementor-column-gap-default\">\n\t\t\t\t\t<div class=\"elementor-column elementor-col-100 elementor-inner-column elementor-element elementor-element-25792a6\" data-id=\"25792a6\" data-element_type=\"column\" data-e-type=\"column\">\n\t\t\t<div class=\"elementor-widget-wrap elementor-element-populated\">\n\t\t\t\t\t\t<div class=\"elementor-element elementor-element-11d6e4a elementor-skin-slideshow elementor-arrows-yes elementor-widget elementor-widget-media-carousel\" data-id=\"11d6e4a\" data-element_type=\"widget\" data-e-type=\"widget\" data-settings=\"{&quot;skin&quot;:&quot;slideshow&quot;,&quot;centered_slides&quot;:&quot;yes&quot;,&quot;effect&quot;:&quot;cube&quot;,&quot;show_arrows&quot;:&quot;yes&quot;,&quot;speed&quot;:500,&quot;autoplay&quot;:&quot;yes&quot;,&quot;autoplay_speed&quot;:5000,&quot;loop&quot;:&quot;yes&quot;,&quot;pause_on_hover&quot;:&quot;yes&quot;,&quot;pause_on_interaction&quot;:&quot;yes&quot;,&quot;space_between&quot;:{&quot;unit&quot;:&quot;px&quot;,&quot;size&quot;:10,&quot;sizes&quot;:[]},&quot;space_between_tablet&quot;:{&quot;unit&quot;:&quot;px&quot;,&quot;size&quot;:10,&quot;sizes&quot;:[]},&quot;space_between_mobile&quot;:{&quot;unit&quot;:&quot;px&quot;,&quot;size&quot;:10,&quot;sizes&quot;:[]}}\" data-widget_type=\"media-carousel.default\">\n\t\t\t\t<div class=\"elementor-widget-container\">\n\t\t\t\t\t\t\t\t\t<div class=\"elementor-swiper\">\n\t\t\t\t\t<div class=\"elementor-main-swiper swiper\" role=\"region\" aria-roledescription=\"carousel\" aria-label=\"Slider\">\n\t\t\t\t<div class=\"swiper-wrapper\">\n\t\t\t\t\t\t\t\t\t\t\t<div class=\"swiper-slide\" role=\"group\" aria-roledescription=\"slide\">\n\t\t\t\t\t\t\t\t\t<div class=\"elementor-carousel-image\" role=\"img\" aria-label=\"20240621_102138\" style=\"background-image: url(&#039;https:\/\/denkmal.arctron.de\/friedenstraum\/wp-content\/uploads\/sites\/38\/2024\/07\/20240621_102138-575x1024.jpg&#039;)\">\n\n\t\t\t\n\t\t\t\t\t<\/div>\n\t\t\t\t\t\t\t\t<\/div>\n\t\t\t\t\t\t\t\t\t\t\t<div class=\"swiper-slide\" role=\"group\" aria-roledescription=\"slide\">\n\t\t\t\t\t\t\t\t\t<div class=\"elementor-carousel-image\" role=\"img\" aria-label=\"20240622_131547\" style=\"background-image: url(&#039;https:\/\/denkmal.arctron.de\/friedenstraum\/wp-content\/uploads\/sites\/38\/2024\/07\/20240622_131547-575x1024.jpg&#039;)\">\n\n\t\t\t\n\t\t\t\t\t<\/div>\n\t\t\t\t\t\t\t\t<\/div>\n\t\t\t\t\t\t\t\t\t\t\t<div class=\"swiper-slide\" role=\"group\" aria-roledescription=\"slide\">\n\t\t\t\t\t\t\t\t\t<div class=\"elementor-carousel-image\" role=\"img\" aria-label=\"20240622_143841\" style=\"background-image: url(&#039;https:\/\/denkmal.arctron.de\/friedenstraum\/wp-content\/uploads\/sites\/38\/2024\/07\/20240622_143841-575x1024.jpg&#039;)\">\n\n\t\t\t\n\t\t\t\t\t<\/div>\n\t\t\t\t\t\t\t\t<\/div>\n\t\t\t\t\t\t\t\t\t\t\t<div class=\"swiper-slide\" role=\"group\" aria-roledescription=\"slide\">\n\t\t\t\t\t\t\t\t\t<div class=\"elementor-carousel-image\" role=\"img\" aria-label=\"20240622_151531\" style=\"background-image: url(&#039;https:\/\/denkmal.arctron.de\/friedenstraum\/wp-content\/uploads\/sites\/38\/2024\/07\/20240622_151531-1-575x1024.jpg&#039;)\">\n\n\t\t\t\n\t\t\t\t\t<\/div>\n\t\t\t\t\t\t\t\t<\/div>\n\t\t\t\t\t\t\t\t\t\t\t<div class=\"swiper-slide\" role=\"group\" aria-roledescription=\"slide\">\n\t\t\t\t\t\t\t\t\t<div class=\"elementor-carousel-image\" role=\"img\" aria-label=\"20240623_121356\" style=\"background-image: url(&#039;https:\/\/denkmal.arctron.de\/friedenstraum\/wp-content\/uploads\/sites\/38\/2024\/07\/20240623_121356-575x1024.jpg&#039;)\">\n\n\t\t\t\n\t\t\t\t\t<\/div>\n\t\t\t\t\t\t\t\t<\/div>\n\t\t\t\t\t\t\t\t\t\t\t<div class=\"swiper-slide\" role=\"group\" aria-roledescription=\"slide\">\n\t\t\t\t\t\t\t\t\t<div class=\"elementor-carousel-image\" role=\"img\" aria-label=\"20240623_142932\" style=\"background-image: url(&#039;https:\/\/denkmal.arctron.de\/friedenstraum\/wp-content\/uploads\/sites\/38\/2024\/07\/20240623_142932-575x1024.jpg&#039;)\">\n\n\t\t\t\n\t\t\t\t\t<\/div>\n\t\t\t\t\t\t\t\t<\/div>\n\t\t\t\t\t\t\t\t\t\t\t<div class=\"swiper-slide\" role=\"group\" aria-roledescription=\"slide\">\n\t\t\t\t\t\t\t\t\t<div class=\"elementor-carousel-image\" role=\"img\" aria-label=\"20240623_150324\" style=\"background-image: url(&#039;https:\/\/denkmal.arctron.de\/friedenstraum\/wp-content\/uploads\/sites\/38\/2024\/07\/20240623_150324-575x1024.jpg&#039;)\">\n\n\t\t\t\n\t\t\t\t\t<\/div>\n\t\t\t\t\t\t\t\t<\/div>\n\t\t\t\t\t\t\t\t\t\t\t<div class=\"swiper-slide\" role=\"group\" aria-roledescription=\"slide\">\n\t\t\t\t\t\t\t\t\t<div class=\"elementor-carousel-image\" role=\"img\" aria-label=\"20240623_162204\" style=\"background-image: url(&#039;https:\/\/denkmal.arctron.de\/friedenstraum\/wp-content\/uploads\/sites\/38\/2024\/07\/20240623_162204-509x1024.jpg&#039;)\">\n\n\t\t\t\n\t\t\t\t\t<\/div>\n\t\t\t\t\t\t\t\t<\/div>\n\t\t\t\t\t\t\t\t\t\t\t<div class=\"swiper-slide\" role=\"group\" aria-roledescription=\"slide\">\n\t\t\t\t\t\t\t\t\t<div class=\"elementor-carousel-image\" role=\"img\" aria-label=\"20240623_165420\" style=\"background-image: url(&#039;https:\/\/denkmal.arctron.de\/friedenstraum\/wp-content\/uploads\/sites\/38\/2024\/07\/20240623_165420-575x1024.jpg&#039;)\">\n\n\t\t\t\n\t\t\t\t\t<\/div>\n\t\t\t\t\t\t\t\t<\/div>\n\t\t\t\t\t\t\t\t\t\t\t<div class=\"swiper-slide\" role=\"group\" aria-roledescription=\"slide\">\n\t\t\t\t\t\t\t\t\t<div class=\"elementor-carousel-image\" role=\"img\" aria-label=\"20240623_172726\" style=\"background-image: url(&#039;https:\/\/denkmal.arctron.de\/friedenstraum\/wp-content\/uploads\/sites\/38\/2024\/07\/20240623_172726-575x1024.jpg&#039;)\">\n\n\t\t\t\n\t\t\t\t\t<\/div>\n\t\t\t\t\t\t\t\t<\/div>\n\t\t\t\t\t\t\t\t\t\t\t<div class=\"swiper-slide\" role=\"group\" aria-roledescription=\"slide\">\n\t\t\t\t\t\t\t\t\t<div class=\"elementor-carousel-image\" role=\"img\" aria-label=\"20240623_172744\" style=\"background-image: url(&#039;https:\/\/denkmal.arctron.de\/friedenstraum\/wp-content\/uploads\/sites\/38\/2024\/07\/20240623_172744-575x1024.jpg&#039;)\">\n\n\t\t\t\n\t\t\t\t\t<\/div>\n\t\t\t\t\t\t\t\t<\/div>\n\t\t\t\t\t\t\t\t\t\t\t<div class=\"swiper-slide\" role=\"group\" aria-roledescription=\"slide\">\n\t\t\t\t\t\t\t\t\t<div class=\"elementor-carousel-image\" role=\"img\" aria-label=\"DSC_0001_BURST20240622135553004\" style=\"background-image: url(&#039;https:\/\/denkmal.arctron.de\/friedenstraum\/wp-content\/uploads\/sites\/38\/2024\/07\/DSC_0001_BURST20240622135553004-575x1024.jpg&#039;)\">\n\n\t\t\t\n\t\t\t\t\t<\/div>\n\t\t\t\t\t\t\t\t<\/div>\n\t\t\t\t\t\t\t\t\t\t\t<div class=\"swiper-slide\" role=\"group\" aria-roledescription=\"slide\">\n\t\t\t\t\t\t\t\t\t<div class=\"elementor-carousel-image\" role=\"img\" aria-label=\"IMG-20240623-WA0026\" style=\"background-image: url(&#039;https:\/\/denkmal.arctron.de\/friedenstraum\/wp-content\/uploads\/sites\/38\/2024\/07\/IMG-20240623-WA0026-575x1024.jpg&#039;)\">\n\n\t\t\t\n\t\t\t\t\t<\/div>\n\t\t\t\t\t\t\t\t<\/div>\n\t\t\t\t\t\t\t\t\t\t\t<div class=\"swiper-slide\" role=\"group\" aria-roledescription=\"slide\">\n\t\t\t\t\t\t\t\t\t<div class=\"elementor-carousel-image\" role=\"img\" aria-label=\"IMG-20240715-WA0017\" style=\"background-image: url(&#039;https:\/\/denkmal.arctron.de\/friedenstraum\/wp-content\/uploads\/sites\/38\/2024\/07\/IMG-20240715-WA0017-575x1024.jpg&#039;)\">\n\n\t\t\t\n\t\t\t\t\t<\/div>\n\t\t\t\t\t\t\t\t<\/div>\n\t\t\t\t\t\t\t\t\t\t\t<div class=\"swiper-slide\" role=\"group\" aria-roledescription=\"slide\">\n\t\t\t\t\t\t\t\t\t<div class=\"elementor-carousel-image\" role=\"img\" aria-label=\"IMG-20240715-WA0018\" style=\"background-image: url(&#039;https:\/\/denkmal.arctron.de\/friedenstraum\/wp-content\/uploads\/sites\/38\/2024\/07\/IMG-20240715-WA0018-575x1024.jpg&#039;)\">\n\n\t\t\t\n\t\t\t\t\t<\/div>\n\t\t\t\t\t\t\t\t<\/div>\n\t\t\t\t\t\t\t\t\t\t\t<div class=\"swiper-slide\" role=\"group\" aria-roledescription=\"slide\">\n\t\t\t\t\t\t\t\t\t<div class=\"elementor-carousel-image\" role=\"img\" aria-label=\"20\" style=\"background-image: url(&#039;https:\/\/denkmal.arctron.de\/friedenstraum\/wp-content\/uploads\/sites\/38\/2024\/07\/20-575x1024.jpg&#039;)\">\n\n\t\t\t\n\t\t\t\t\t<\/div>\n\t\t\t\t\t\t\t\t<\/div>\n\t\t\t\t\t\t\t\t\t\t\t<div class=\"swiper-slide\" role=\"group\" aria-roledescription=\"slide\">\n\t\t\t\t\t\t\t\t\t<div class=\"elementor-carousel-image\" role=\"img\" aria-label=\"19\" style=\"background-image: url(&#039;https:\/\/denkmal.arctron.de\/friedenstraum\/wp-content\/uploads\/sites\/38\/2024\/07\/19-575x1024.jpg&#039;)\">\n\n\t\t\t\n\t\t\t\t\t<\/div>\n\t\t\t\t\t\t\t\t<\/div>\n\t\t\t\t\t\t\t\t\t\t\t<div class=\"swiper-slide\" role=\"group\" aria-roledescription=\"slide\">\n\t\t\t\t\t\t\t\t\t<div class=\"elementor-carousel-image\" role=\"img\" aria-label=\"18\" style=\"background-image: url(&#039;https:\/\/denkmal.arctron.de\/friedenstraum\/wp-content\/uploads\/sites\/38\/2024\/07\/18-575x1024.jpg&#039;)\">\n\n\t\t\t\n\t\t\t\t\t<\/div>\n\t\t\t\t\t\t\t\t<\/div>\n\t\t\t\t\t\t\t\t\t\t\t<div class=\"swiper-slide\" role=\"group\" aria-roledescription=\"slide\">\n\t\t\t\t\t\t\t\t\t<div class=\"elementor-carousel-image\" role=\"img\" aria-label=\"17\" style=\"background-image: url(&#039;https:\/\/denkmal.arctron.de\/friedenstraum\/wp-content\/uploads\/sites\/38\/2024\/07\/17-575x1024.jpg&#039;)\">\n\n\t\t\t\n\t\t\t\t\t<\/div>\n\t\t\t\t\t\t\t\t<\/div>\n\t\t\t\t\t\t\t\t\t\t\t<div class=\"swiper-slide\" role=\"group\" aria-roledescription=\"slide\">\n\t\t\t\t\t\t\t\t\t<div class=\"elementor-carousel-image\" role=\"img\" aria-label=\"16\" style=\"background-image: url(&#039;https:\/\/denkmal.arctron.de\/friedenstraum\/wp-content\/uploads\/sites\/38\/2024\/07\/16-575x1024.jpg&#039;)\">\n\n\t\t\t\n\t\t\t\t\t<\/div>\n\t\t\t\t\t\t\t\t<\/div>\n\t\t\t\t\t\t\t\t\t\t\t<div class=\"swiper-slide\" role=\"group\" aria-roledescription=\"slide\">\n\t\t\t\t\t\t\t\t\t<div class=\"elementor-carousel-image\" role=\"img\" aria-label=\"15\" style=\"background-image: url(&#039;https:\/\/denkmal.arctron.de\/friedenstraum\/wp-content\/uploads\/sites\/38\/2024\/07\/15-575x1024.jpg&#039;)\">\n\n\t\t\t\n\t\t\t\t\t<\/div>\n\t\t\t\t\t\t\t\t<\/div>\n\t\t\t\t\t\t\t\t\t\t\t<div class=\"swiper-slide\" role=\"group\" aria-roledescription=\"slide\">\n\t\t\t\t\t\t\t\t\t<div class=\"elementor-carousel-image\" role=\"img\" aria-label=\"14\" style=\"background-image: url(&#039;https:\/\/denkmal.arctron.de\/friedenstraum\/wp-content\/uploads\/sites\/38\/2024\/07\/14-575x1024.jpg&#039;)\">\n\n\t\t\t\n\t\t\t\t\t<\/div>\n\t\t\t\t\t\t\t\t<\/div>\n\t\t\t\t\t\t\t\t\t\t\t<div class=\"swiper-slide\" role=\"group\" aria-roledescription=\"slide\">\n\t\t\t\t\t\t\t\t\t<div class=\"elementor-carousel-image\" role=\"img\" aria-label=\"13\" style=\"background-image: url(&#039;https:\/\/denkmal.arctron.de\/friedenstraum\/wp-content\/uploads\/sites\/38\/2024\/07\/13-575x1024.jpg&#039;)\">\n\n\t\t\t\n\t\t\t\t\t<\/div>\n\t\t\t\t\t\t\t\t<\/div>\n\t\t\t\t\t\t\t\t\t\t\t<div class=\"swiper-slide\" role=\"group\" aria-roledescription=\"slide\">\n\t\t\t\t\t\t\t\t\t<div class=\"elementor-carousel-image\" role=\"img\" aria-label=\"12\" style=\"background-image: url(&#039;https:\/\/denkmal.arctron.de\/friedenstraum\/wp-content\/uploads\/sites\/38\/2024\/07\/12-575x1024.jpg&#039;)\">\n\n\t\t\t\n\t\t\t\t\t<\/div>\n\t\t\t\t\t\t\t\t<\/div>\n\t\t\t\t\t\t\t\t\t\t\t<div class=\"swiper-slide\" role=\"group\" aria-roledescription=\"slide\">\n\t\t\t\t\t\t\t\t\t<div class=\"elementor-carousel-image\" role=\"img\" aria-label=\"11\" style=\"background-image: url(&#039;https:\/\/denkmal.arctron.de\/friedenstraum\/wp-content\/uploads\/sites\/38\/2024\/07\/11-575x1024.jpg&#039;)\">\n\n\t\t\t\n\t\t\t\t\t<\/div>\n\t\t\t\t\t\t\t\t<\/div>\n\t\t\t\t\t\t\t\t\t\t\t<div class=\"swiper-slide\" role=\"group\" aria-roledescription=\"slide\">\n\t\t\t\t\t\t\t\t\t<div class=\"elementor-carousel-image\" role=\"img\" aria-label=\"10\" style=\"background-image: url(&#039;https:\/\/denkmal.arctron.de\/friedenstraum\/wp-content\/uploads\/sites\/38\/2024\/07\/10-575x1024.jpg&#039;)\">\n\n\t\t\t\n\t\t\t\t\t<\/div>\n\t\t\t\t\t\t\t\t<\/div>\n\t\t\t\t\t\t\t\t\t\t\t<div class=\"swiper-slide\" role=\"group\" aria-roledescription=\"slide\">\n\t\t\t\t\t\t\t\t\t<div class=\"elementor-carousel-image\" role=\"img\" aria-label=\"9\" style=\"background-image: url(&#039;https:\/\/denkmal.arctron.de\/friedenstraum\/wp-content\/uploads\/sites\/38\/2024\/07\/9-575x1024.jpg&#039;)\">\n\n\t\t\t\n\t\t\t\t\t<\/div>\n\t\t\t\t\t\t\t\t<\/div>\n\t\t\t\t\t\t\t\t\t\t\t<div class=\"swiper-slide\" role=\"group\" aria-roledescription=\"slide\">\n\t\t\t\t\t\t\t\t\t<div class=\"elementor-carousel-image\" role=\"img\" aria-label=\"8\" style=\"background-image: url(&#039;https:\/\/denkmal.arctron.de\/friedenstraum\/wp-content\/uploads\/sites\/38\/2024\/07\/8-575x1024.jpg&#039;)\">\n\n\t\t\t\n\t\t\t\t\t<\/div>\n\t\t\t\t\t\t\t\t<\/div>\n\t\t\t\t\t\t\t\t\t\t\t<div class=\"swiper-slide\" role=\"group\" aria-roledescription=\"slide\">\n\t\t\t\t\t\t\t\t\t<div class=\"elementor-carousel-image\" role=\"img\" aria-label=\"7\" style=\"background-image: url(&#039;https:\/\/denkmal.arctron.de\/friedenstraum\/wp-content\/uploads\/sites\/38\/2024\/07\/7-575x1024.jpg&#039;)\">\n\n\t\t\t\n\t\t\t\t\t<\/div>\n\t\t\t\t\t\t\t\t<\/div>\n\t\t\t\t\t\t\t\t\t\t\t<div class=\"swiper-slide\" role=\"group\" aria-roledescription=\"slide\">\n\t\t\t\t\t\t\t\t\t<div class=\"elementor-carousel-image\" role=\"img\" aria-label=\"6\" style=\"background-image: url(&#039;https:\/\/denkmal.arctron.de\/friedenstraum\/wp-content\/uploads\/sites\/38\/2024\/07\/6-575x1024.jpg&#039;)\">\n\n\t\t\t\n\t\t\t\t\t<\/div>\n\t\t\t\t\t\t\t\t<\/div>\n\t\t\t\t\t\t\t\t\t<\/div>\n\t\t\t\t\t\t\t\t\t\t\t\t\t\t\t<div class=\"elementor-swiper-button elementor-swiper-button-prev\" role=\"button\" tabindex=\"0\" aria-label=\"Voriger\">\n\t\t\t\t\t\t\t<i aria-hidden=\"true\" class=\"eicon-chevron-left\"><\/i>\t\t\t\t\t\t<\/div>\n\t\t\t\t\t\t<div class=\"elementor-swiper-button elementor-swiper-button-next\" role=\"button\" tabindex=\"0\" aria-label=\"N\u00e4chster\">\n\t\t\t\t\t\t\t<i aria-hidden=\"true\" class=\"eicon-chevron-right\"><\/i>\t\t\t\t\t\t<\/div>\n\t\t\t\t\t\t\t\t\t\t\t\t\t\t\t\t\t<\/div>\n\t\t\t\t<\/div>\n\t\t\t\t\t\t\t\t<div class=\"elementor-swiper\">\n\t\t\t\t\t<div class=\"elementor-main-swiper swiper elementor-thumbnails-swiper swiper\" role=\"region region\" aria-roledescription=\"carousel carousel\" aria-label=\"Slider Slider\">\n\t\t\t\t<div class=\"swiper-wrapper\">\n\t\t\t\t\t\t\t\t\t\t\t<div class=\"swiper-slide\" role=\"group\" aria-roledescription=\"slide\">\n\t\t\t\t\t\t\t\t\t<div class=\"elementor-carousel-image\" role=\"img\" aria-label=\"20240621_102138\" style=\"background-image: url(&#039;https:\/\/denkmal.arctron.de\/friedenstraum\/wp-content\/uploads\/sites\/38\/2024\/07\/20240621_102138-575x1024.jpg&#039;)\">\n\n\t\t\t\n\t\t\t\t\t<\/div>\n\t\t\t\t\t\t\t\t<\/div>\n\t\t\t\t\t\t\t\t\t\t\t<div class=\"swiper-slide\" role=\"group\" aria-roledescription=\"slide\">\n\t\t\t\t\t\t\t\t\t<div class=\"elementor-carousel-image\" role=\"img\" aria-label=\"20240622_131547\" style=\"background-image: url(&#039;https:\/\/denkmal.arctron.de\/friedenstraum\/wp-content\/uploads\/sites\/38\/2024\/07\/20240622_131547-575x1024.jpg&#039;)\">\n\n\t\t\t\n\t\t\t\t\t<\/div>\n\t\t\t\t\t\t\t\t<\/div>\n\t\t\t\t\t\t\t\t\t\t\t<div class=\"swiper-slide\" role=\"group\" aria-roledescription=\"slide\">\n\t\t\t\t\t\t\t\t\t<div class=\"elementor-carousel-image\" role=\"img\" aria-label=\"20240622_143841\" style=\"background-image: url(&#039;https:\/\/denkmal.arctron.de\/friedenstraum\/wp-content\/uploads\/sites\/38\/2024\/07\/20240622_143841-575x1024.jpg&#039;)\">\n\n\t\t\t\n\t\t\t\t\t<\/div>\n\t\t\t\t\t\t\t\t<\/div>\n\t\t\t\t\t\t\t\t\t\t\t<div class=\"swiper-slide\" role=\"group\" aria-roledescription=\"slide\">\n\t\t\t\t\t\t\t\t\t<div class=\"elementor-carousel-image\" role=\"img\" aria-label=\"20240622_151531\" style=\"background-image: url(&#039;https:\/\/denkmal.arctron.de\/friedenstraum\/wp-content\/uploads\/sites\/38\/2024\/07\/20240622_151531-1-575x1024.jpg&#039;)\">\n\n\t\t\t\n\t\t\t\t\t<\/div>\n\t\t\t\t\t\t\t\t<\/div>\n\t\t\t\t\t\t\t\t\t\t\t<div class=\"swiper-slide\" role=\"group\" aria-roledescription=\"slide\">\n\t\t\t\t\t\t\t\t\t<div class=\"elementor-carousel-image\" role=\"img\" aria-label=\"20240623_121356\" style=\"background-image: url(&#039;https:\/\/denkmal.arctron.de\/friedenstraum\/wp-content\/uploads\/sites\/38\/2024\/07\/20240623_121356-575x1024.jpg&#039;)\">\n\n\t\t\t\n\t\t\t\t\t<\/div>\n\t\t\t\t\t\t\t\t<\/div>\n\t\t\t\t\t\t\t\t\t\t\t<div class=\"swiper-slide\" role=\"group\" aria-roledescription=\"slide\">\n\t\t\t\t\t\t\t\t\t<div class=\"elementor-carousel-image\" role=\"img\" aria-label=\"20240623_142932\" style=\"background-image: url(&#039;https:\/\/denkmal.arctron.de\/friedenstraum\/wp-content\/uploads\/sites\/38\/2024\/07\/20240623_142932-575x1024.jpg&#039;)\">\n\n\t\t\t\n\t\t\t\t\t<\/div>\n\t\t\t\t\t\t\t\t<\/div>\n\t\t\t\t\t\t\t\t\t\t\t<div class=\"swiper-slide\" role=\"group\" aria-roledescription=\"slide\">\n\t\t\t\t\t\t\t\t\t<div class=\"elementor-carousel-image\" role=\"img\" aria-label=\"20240623_150324\" style=\"background-image: url(&#039;https:\/\/denkmal.arctron.de\/friedenstraum\/wp-content\/uploads\/sites\/38\/2024\/07\/20240623_150324-575x1024.jpg&#039;)\">\n\n\t\t\t\n\t\t\t\t\t<\/div>\n\t\t\t\t\t\t\t\t<\/div>\n\t\t\t\t\t\t\t\t\t\t\t<div class=\"swiper-slide\" role=\"group\" aria-roledescription=\"slide\">\n\t\t\t\t\t\t\t\t\t<div class=\"elementor-carousel-image\" role=\"img\" aria-label=\"20240623_162204\" style=\"background-image: url(&#039;https:\/\/denkmal.arctron.de\/friedenstraum\/wp-content\/uploads\/sites\/38\/2024\/07\/20240623_162204-509x1024.jpg&#039;)\">\n\n\t\t\t\n\t\t\t\t\t<\/div>\n\t\t\t\t\t\t\t\t<\/div>\n\t\t\t\t\t\t\t\t\t\t\t<div class=\"swiper-slide\" role=\"group\" aria-roledescription=\"slide\">\n\t\t\t\t\t\t\t\t\t<div class=\"elementor-carousel-image\" role=\"img\" aria-label=\"20240623_165420\" style=\"background-image: url(&#039;https:\/\/denkmal.arctron.de\/friedenstraum\/wp-content\/uploads\/sites\/38\/2024\/07\/20240623_165420-575x1024.jpg&#039;)\">\n\n\t\t\t\n\t\t\t\t\t<\/div>\n\t\t\t\t\t\t\t\t<\/div>\n\t\t\t\t\t\t\t\t\t\t\t<div class=\"swiper-slide\" role=\"group\" aria-roledescription=\"slide\">\n\t\t\t\t\t\t\t\t\t<div class=\"elementor-carousel-image\" role=\"img\" aria-label=\"20240623_172726\" style=\"background-image: url(&#039;https:\/\/denkmal.arctron.de\/friedenstraum\/wp-content\/uploads\/sites\/38\/2024\/07\/20240623_172726-575x1024.jpg&#039;)\">\n\n\t\t\t\n\t\t\t\t\t<\/div>\n\t\t\t\t\t\t\t\t<\/div>\n\t\t\t\t\t\t\t\t\t\t\t<div class=\"swiper-slide\" role=\"group\" aria-roledescription=\"slide\">\n\t\t\t\t\t\t\t\t\t<div class=\"elementor-carousel-image\" role=\"img\" aria-label=\"20240623_172744\" style=\"background-image: url(&#039;https:\/\/denkmal.arctron.de\/friedenstraum\/wp-content\/uploads\/sites\/38\/2024\/07\/20240623_172744-575x1024.jpg&#039;)\">\n\n\t\t\t\n\t\t\t\t\t<\/div>\n\t\t\t\t\t\t\t\t<\/div>\n\t\t\t\t\t\t\t\t\t\t\t<div class=\"swiper-slide\" role=\"group\" aria-roledescription=\"slide\">\n\t\t\t\t\t\t\t\t\t<div class=\"elementor-carousel-image\" role=\"img\" aria-label=\"DSC_0001_BURST20240622135553004\" style=\"background-image: url(&#039;https:\/\/denkmal.arctron.de\/friedenstraum\/wp-content\/uploads\/sites\/38\/2024\/07\/DSC_0001_BURST20240622135553004-575x1024.jpg&#039;)\">\n\n\t\t\t\n\t\t\t\t\t<\/div>\n\t\t\t\t\t\t\t\t<\/div>\n\t\t\t\t\t\t\t\t\t\t\t<div class=\"swiper-slide\" role=\"group\" aria-roledescription=\"slide\">\n\t\t\t\t\t\t\t\t\t<div class=\"elementor-carousel-image\" role=\"img\" aria-label=\"IMG-20240623-WA0026\" style=\"background-image: url(&#039;https:\/\/denkmal.arctron.de\/friedenstraum\/wp-content\/uploads\/sites\/38\/2024\/07\/IMG-20240623-WA0026-575x1024.jpg&#039;)\">\n\n\t\t\t\n\t\t\t\t\t<\/div>\n\t\t\t\t\t\t\t\t<\/div>\n\t\t\t\t\t\t\t\t\t\t\t<div class=\"swiper-slide\" role=\"group\" aria-roledescription=\"slide\">\n\t\t\t\t\t\t\t\t\t<div class=\"elementor-carousel-image\" role=\"img\" aria-label=\"IMG-20240715-WA0017\" style=\"background-image: url(&#039;https:\/\/denkmal.arctron.de\/friedenstraum\/wp-content\/uploads\/sites\/38\/2024\/07\/IMG-20240715-WA0017-575x1024.jpg&#039;)\">\n\n\t\t\t\n\t\t\t\t\t<\/div>\n\t\t\t\t\t\t\t\t<\/div>\n\t\t\t\t\t\t\t\t\t\t\t<div class=\"swiper-slide\" role=\"group\" aria-roledescription=\"slide\">\n\t\t\t\t\t\t\t\t\t<div class=\"elementor-carousel-image\" role=\"img\" aria-label=\"IMG-20240715-WA0018\" style=\"background-image: url(&#039;https:\/\/denkmal.arctron.de\/friedenstraum\/wp-content\/uploads\/sites\/38\/2024\/07\/IMG-20240715-WA0018-575x1024.jpg&#039;)\">\n\n\t\t\t\n\t\t\t\t\t<\/div>\n\t\t\t\t\t\t\t\t<\/div>\n\t\t\t\t\t\t\t\t\t\t\t<div class=\"swiper-slide\" role=\"group\" aria-roledescription=\"slide\">\n\t\t\t\t\t\t\t\t\t<div class=\"elementor-carousel-image\" role=\"img\" aria-label=\"20\" style=\"background-image: url(&#039;https:\/\/denkmal.arctron.de\/friedenstraum\/wp-content\/uploads\/sites\/38\/2024\/07\/20-575x1024.jpg&#039;)\">\n\n\t\t\t\n\t\t\t\t\t<\/div>\n\t\t\t\t\t\t\t\t<\/div>\n\t\t\t\t\t\t\t\t\t\t\t<div class=\"swiper-slide\" role=\"group\" aria-roledescription=\"slide\">\n\t\t\t\t\t\t\t\t\t<div class=\"elementor-carousel-image\" role=\"img\" aria-label=\"19\" style=\"background-image: url(&#039;https:\/\/denkmal.arctron.de\/friedenstraum\/wp-content\/uploads\/sites\/38\/2024\/07\/19-575x1024.jpg&#039;)\">\n\n\t\t\t\n\t\t\t\t\t<\/div>\n\t\t\t\t\t\t\t\t<\/div>\n\t\t\t\t\t\t\t\t\t\t\t<div class=\"swiper-slide\" role=\"group\" aria-roledescription=\"slide\">\n\t\t\t\t\t\t\t\t\t<div class=\"elementor-carousel-image\" role=\"img\" aria-label=\"18\" style=\"background-image: url(&#039;https:\/\/denkmal.arctron.de\/friedenstraum\/wp-content\/uploads\/sites\/38\/2024\/07\/18-575x1024.jpg&#039;)\">\n\n\t\t\t\n\t\t\t\t\t<\/div>\n\t\t\t\t\t\t\t\t<\/div>\n\t\t\t\t\t\t\t\t\t\t\t<div class=\"swiper-slide\" role=\"group\" aria-roledescription=\"slide\">\n\t\t\t\t\t\t\t\t\t<div class=\"elementor-carousel-image\" role=\"img\" aria-label=\"17\" style=\"background-image: url(&#039;https:\/\/denkmal.arctron.de\/friedenstraum\/wp-content\/uploads\/sites\/38\/2024\/07\/17-575x1024.jpg&#039;)\">\n\n\t\t\t\n\t\t\t\t\t<\/div>\n\t\t\t\t\t\t\t\t<\/div>\n\t\t\t\t\t\t\t\t\t\t\t<div class=\"swiper-slide\" role=\"group\" aria-roledescription=\"slide\">\n\t\t\t\t\t\t\t\t\t<div class=\"elementor-carousel-image\" role=\"img\" aria-label=\"16\" style=\"background-image: url(&#039;https:\/\/denkmal.arctron.de\/friedenstraum\/wp-content\/uploads\/sites\/38\/2024\/07\/16-575x1024.jpg&#039;)\">\n\n\t\t\t\n\t\t\t\t\t<\/div>\n\t\t\t\t\t\t\t\t<\/div>\n\t\t\t\t\t\t\t\t\t\t\t<div class=\"swiper-slide\" role=\"group\" aria-roledescription=\"slide\">\n\t\t\t\t\t\t\t\t\t<div class=\"elementor-carousel-image\" role=\"img\" aria-label=\"15\" style=\"background-image: url(&#039;https:\/\/denkmal.arctron.de\/friedenstraum\/wp-content\/uploads\/sites\/38\/2024\/07\/15-575x1024.jpg&#039;)\">\n\n\t\t\t\n\t\t\t\t\t<\/div>\n\t\t\t\t\t\t\t\t<\/div>\n\t\t\t\t\t\t\t\t\t\t\t<div class=\"swiper-slide\" role=\"group\" aria-roledescription=\"slide\">\n\t\t\t\t\t\t\t\t\t<div class=\"elementor-carousel-image\" role=\"img\" aria-label=\"14\" style=\"background-image: url(&#039;https:\/\/denkmal.arctron.de\/friedenstraum\/wp-content\/uploads\/sites\/38\/2024\/07\/14-575x1024.jpg&#039;)\">\n\n\t\t\t\n\t\t\t\t\t<\/div>\n\t\t\t\t\t\t\t\t<\/div>\n\t\t\t\t\t\t\t\t\t\t\t<div class=\"swiper-slide\" role=\"group\" aria-roledescription=\"slide\">\n\t\t\t\t\t\t\t\t\t<div class=\"elementor-carousel-image\" role=\"img\" aria-label=\"13\" style=\"background-image: url(&#039;https:\/\/denkmal.arctron.de\/friedenstraum\/wp-content\/uploads\/sites\/38\/2024\/07\/13-575x1024.jpg&#039;)\">\n\n\t\t\t\n\t\t\t\t\t<\/div>\n\t\t\t\t\t\t\t\t<\/div>\n\t\t\t\t\t\t\t\t\t\t\t<div class=\"swiper-slide\" role=\"group\" aria-roledescription=\"slide\">\n\t\t\t\t\t\t\t\t\t<div class=\"elementor-carousel-image\" role=\"img\" aria-label=\"12\" style=\"background-image: url(&#039;https:\/\/denkmal.arctron.de\/friedenstraum\/wp-content\/uploads\/sites\/38\/2024\/07\/12-575x1024.jpg&#039;)\">\n\n\t\t\t\n\t\t\t\t\t<\/div>\n\t\t\t\t\t\t\t\t<\/div>\n\t\t\t\t\t\t\t\t\t\t\t<div class=\"swiper-slide\" role=\"group\" aria-roledescription=\"slide\">\n\t\t\t\t\t\t\t\t\t<div class=\"elementor-carousel-image\" role=\"img\" aria-label=\"11\" style=\"background-image: url(&#039;https:\/\/denkmal.arctron.de\/friedenstraum\/wp-content\/uploads\/sites\/38\/2024\/07\/11-575x1024.jpg&#039;)\">\n\n\t\t\t\n\t\t\t\t\t<\/div>\n\t\t\t\t\t\t\t\t<\/div>\n\t\t\t\t\t\t\t\t\t\t\t<div class=\"swiper-slide\" role=\"group\" aria-roledescription=\"slide\">\n\t\t\t\t\t\t\t\t\t<div class=\"elementor-carousel-image\" role=\"img\" aria-label=\"10\" style=\"background-image: url(&#039;https:\/\/denkmal.arctron.de\/friedenstraum\/wp-content\/uploads\/sites\/38\/2024\/07\/10-575x1024.jpg&#039;)\">\n\n\t\t\t\n\t\t\t\t\t<\/div>\n\t\t\t\t\t\t\t\t<\/div>\n\t\t\t\t\t\t\t\t\t\t\t<div class=\"swiper-slide\" role=\"group\" aria-roledescription=\"slide\">\n\t\t\t\t\t\t\t\t\t<div class=\"elementor-carousel-image\" role=\"img\" aria-label=\"9\" style=\"background-image: url(&#039;https:\/\/denkmal.arctron.de\/friedenstraum\/wp-content\/uploads\/sites\/38\/2024\/07\/9-575x1024.jpg&#039;)\">\n\n\t\t\t\n\t\t\t\t\t<\/div>\n\t\t\t\t\t\t\t\t<\/div>\n\t\t\t\t\t\t\t\t\t\t\t<div class=\"swiper-slide\" role=\"group\" aria-roledescription=\"slide\">\n\t\t\t\t\t\t\t\t\t<div class=\"elementor-carousel-image\" role=\"img\" aria-label=\"8\" style=\"background-image: url(&#039;https:\/\/denkmal.arctron.de\/friedenstraum\/wp-content\/uploads\/sites\/38\/2024\/07\/8-575x1024.jpg&#039;)\">\n\n\t\t\t\n\t\t\t\t\t<\/div>\n\t\t\t\t\t\t\t\t<\/div>\n\t\t\t\t\t\t\t\t\t\t\t<div class=\"swiper-slide\" role=\"group\" aria-roledescription=\"slide\">\n\t\t\t\t\t\t\t\t\t<div class=\"elementor-carousel-image\" role=\"img\" aria-label=\"7\" style=\"background-image: url(&#039;https:\/\/denkmal.arctron.de\/friedenstraum\/wp-content\/uploads\/sites\/38\/2024\/07\/7-575x1024.jpg&#039;)\">\n\n\t\t\t\n\t\t\t\t\t<\/div>\n\t\t\t\t\t\t\t\t<\/div>\n\t\t\t\t\t\t\t\t\t\t\t<div class=\"swiper-slide\" role=\"group\" aria-roledescription=\"slide\">\n\t\t\t\t\t\t\t\t\t<div class=\"elementor-carousel-image\" role=\"img\" aria-label=\"6\" style=\"background-image: url(&#039;https:\/\/denkmal.arctron.de\/friedenstraum\/wp-content\/uploads\/sites\/38\/2024\/07\/6-575x1024.jpg&#039;)\">\n\n\t\t\t\n\t\t\t\t\t<\/div>\n\t\t\t\t\t\t\t\t<\/div>\n\t\t\t\t\t\t\t\t\t<\/div>\n\t\t\t\t\t\t\t\t\t\t\t\t\t\t\t\t\t\t\t\t\t<\/div>\n\t\t\t\t<\/div>\n\t\t\t\t\t\t\t\t<\/div>\n\t\t\t\t<\/div>\n\t\t\t\t\t<\/div>\n\t\t<\/div>\n\t\t\t\t\t<\/div>\n\t\t<\/section>\n\t\t\t\t<section class=\"elementor-section elementor-inner-section elementor-element elementor-element-df14df6 elementor-section-boxed elementor-section-height-default elementor-section-height-default\" data-id=\"df14df6\" data-element_type=\"section\" data-e-type=\"section\">\n\t\t\t\t\t\t<div class=\"elementor-container elementor-column-gap-default\">\n\t\t\t\t\t<div class=\"elementor-column elementor-col-50 elementor-inner-column elementor-element elementor-element-2ea7831\" data-id=\"2ea7831\" data-element_type=\"column\" data-e-type=\"column\">\n\t\t\t<div class=\"elementor-widget-wrap elementor-element-populated\">\n\t\t\t\t\t\t<div class=\"elementor-element elementor-element-fa6ebe1 elementor-widget-tablet__width-initial elementor-widget elementor-widget-text-editor\" data-id=\"fa6ebe1\" data-element_type=\"widget\" data-e-type=\"widget\" data-widget_type=\"text-editor.default\">\n\t\t\t\t<div class=\"elementor-widget-container\">\n\t\t\t\t\t\t\t\t\t<p>Nach der Fertigstellung wurde die S\u00e4ule im kostenfrei betretbaren Foyer des Historischen Museums Regensburg aufgestellt. Hier verweilt sie nun bis zum 17.03.2025, an dem sie f\u00fcr einen guten Zweck versteigert werden soll.\u00a0<\/p><p>Dieser Tag wurde nicht zuf\u00e4llig gew\u00e4hlt, denn es handelt sich hierbei um den Todestag des r\u00f6mischen Kaisers Marc Aurel, der am 17.03. des Jahres 180 verstarb. Nur ein Jahr vorher wurde das auf sein Gehei\u00df hin errichtete, r\u00f6mische Legionslager <i>Castra Regina<\/i>, das heutige Regensburg, fertiggestellt.<\/p>\t\t\t\t\t\t\t\t<\/div>\n\t\t\t\t<\/div>\n\t\t\t\t\t<\/div>\n\t\t<\/div>\n\t\t\t\t<div class=\"elementor-column elementor-col-50 elementor-inner-column elementor-element elementor-element-7bb8a2a\" data-id=\"7bb8a2a\" data-element_type=\"column\" data-e-type=\"column\">\n\t\t\t<div class=\"elementor-widget-wrap elementor-element-populated\">\n\t\t\t\t\t\t<div class=\"elementor-element elementor-element-abb67f4 elementor-widget-tablet__width-initial elementor-widget elementor-widget-image\" data-id=\"abb67f4\" data-element_type=\"widget\" data-e-type=\"widget\" data-widget_type=\"image.default\">\n\t\t\t\t<div class=\"elementor-widget-container\">\n\t\t\t\t\t\t\t\t\t\t\t\t\t\t\t<img fetchpriority=\"high\" decoding=\"async\" width=\"800\" height=\"944\" src=\"https:\/\/denkmal.arctron.de\/friedenstraum\/wp-content\/uploads\/sites\/38\/2024\/07\/Friedenssaeule_HisMuseumRgb-868x1024.jpg\" class=\"attachment-large size-large wp-image-1297\" alt=\"\" srcset=\"https:\/\/denkmal.arctron.de\/friedenstraum\/wp-content\/uploads\/sites\/38\/2024\/07\/Friedenssaeule_HisMuseumRgb-868x1024.jpg 868w, https:\/\/denkmal.arctron.de\/friedenstraum\/wp-content\/uploads\/sites\/38\/2024\/07\/Friedenssaeule_HisMuseumRgb-254x300.jpg 254w, https:\/\/denkmal.arctron.de\/friedenstraum\/wp-content\/uploads\/sites\/38\/2024\/07\/Friedenssaeule_HisMuseumRgb-768x906.jpg 768w, https:\/\/denkmal.arctron.de\/friedenstraum\/wp-content\/uploads\/sites\/38\/2024\/07\/Friedenssaeule_HisMuseumRgb-10x12.jpg 10w, https:\/\/denkmal.arctron.de\/friedenstraum\/wp-content\/uploads\/sites\/38\/2024\/07\/Friedenssaeule_HisMuseumRgb.jpg 1066w\" sizes=\"(max-width: 800px) 100vw, 800px\" \/>\t\t\t\t\t\t\t\t\t\t\t\t\t\t\t<\/div>\n\t\t\t\t<\/div>\n\t\t\t\t\t<\/div>\n\t\t<\/div>\n\t\t\t\t\t<\/div>\n\t\t<\/section>\n\t\t\t\t<div class=\"elementor-element elementor-element-daf06c2 elementor-widget elementor-widget-text-editor\" data-id=\"daf06c2\" data-element_type=\"widget\" data-e-type=\"widget\" data-widget_type=\"text-editor.default\">\n\t\t\t\t<div class=\"elementor-widget-container\">\n\t\t\t\t\t\t\t\t\t<p>Marc Aurels Rolle als &#8222;Gr\u00fcnder&#8220; der Stadt Regensburg ist aber nicht die einzige Verbindung zur Friedenss\u00e4ule. Tats\u00e4chlich diente die knapp 39 Meter hohe Marc Aurel-S\u00e4ule auf der Piazza Colonna in Rom als Inspiration und Vorlage f\u00fcr die &#8222;nur&#8220; zehnmal so kleine Friedenss\u00e4ule.\u00a0<\/p><p>Trotz des architektonischen Zusammenhangs stellt die S\u00e4ule f\u00fcr den Frieden einen starken Kontrast zum Original dar. W\u00e4hrend die Marc Aurel-S\u00e4ule \u00fcberwiegend Kriegsszenen &#8211; vor allem gegen die germanischen St\u00e4mme &#8211; zeigt, sind auf dem Regensburger Pendant ausschlie\u00dflich Motive des Friedens zu sehen.<\/p>\t\t\t\t\t\t\t\t<\/div>\n\t\t\t\t<\/div>\n\t\t\t\t<div class=\"elementor-element elementor-element-f197318 elementor-widget elementor-widget-image\" data-id=\"f197318\" data-element_type=\"widget\" data-e-type=\"widget\" data-widget_type=\"image.default\">\n\t\t\t\t<div class=\"elementor-widget-container\">\n\t\t\t\t\t\t\t\t\t\t\t\t\t\t\t<img decoding=\"async\" width=\"1120\" height=\"674\" src=\"https:\/\/denkmal.arctron.de\/friedenstraum\/wp-content\/uploads\/sites\/38\/2024\/07\/MarcAurelSaeule-1.jpg\" class=\"attachment-full size-full wp-image-1338\" alt=\"\" srcset=\"https:\/\/denkmal.arctron.de\/friedenstraum\/wp-content\/uploads\/sites\/38\/2024\/07\/MarcAurelSaeule-1.jpg 1120w, https:\/\/denkmal.arctron.de\/friedenstraum\/wp-content\/uploads\/sites\/38\/2024\/07\/MarcAurelSaeule-1-300x181.jpg 300w, https:\/\/denkmal.arctron.de\/friedenstraum\/wp-content\/uploads\/sites\/38\/2024\/07\/MarcAurelSaeule-1-1024x616.jpg 1024w, https:\/\/denkmal.arctron.de\/friedenstraum\/wp-content\/uploads\/sites\/38\/2024\/07\/MarcAurelSaeule-1-768x462.jpg 768w, https:\/\/denkmal.arctron.de\/friedenstraum\/wp-content\/uploads\/sites\/38\/2024\/07\/MarcAurelSaeule-1-18x12.jpg 18w\" sizes=\"(max-width: 1120px) 100vw, 1120px\" \/>\t\t\t\t\t\t\t\t\t\t\t\t\t\t\t<\/div>\n\t\t\t\t<\/div>\n\t\t\t\t<div class=\"elementor-element elementor-element-c0d7c20 elementor-widget elementor-widget-text-editor\" data-id=\"c0d7c20\" data-element_type=\"widget\" data-e-type=\"widget\" data-widget_type=\"text-editor.default\">\n\t\t\t\t<div class=\"elementor-widget-container\">\n\t\t\t\t\t\t\t\t\t<p>Regensburg zeigt damit wie sehr der Wunsch nach Frieden in der Bev\u00f6lkerung verwurzelt ist. Die S\u00e4ule\u00a0 tr\u00e4gt ein St\u00fcck dazu bei, den Traum vom Frieden &#8222;in die Welt&#8220; und als Auftrag an die Politik und Zivilgesellschaft hinaus zu tragen!<\/p><p>Unser besonderer Dank\u00a0<span style=\"word-spacing: normal;\">gilt den gro\u00dfz\u00fcgigen Sponsoren Bechtle IT und Lions Club Castra Regina sowie Stephanie Zuber, Ihrer Familie und allen weiteren Mitgliedern des F\u00f6rderkreises\u00a0<\/span><i style=\"word-spacing: normal;\">AktionKulturSozial<\/i><span style=\"word-spacing: normal;\">, die tatkr\u00e4ftig bei der Umsetzung dieses tollen Projektes geholfen haben!<\/span><\/p><p>\u00a0<\/p><p style=\"margin-bottom: 6.0pt; text-align: justify;\">\u00a0<\/p>\t\t\t\t\t\t\t\t<\/div>\n\t\t\t\t<\/div>\n\t\t\t\t<div class=\"elementor-element elementor-element-4269626 elementor-widget elementor-widget-heading\" data-id=\"4269626\" data-element_type=\"widget\" data-e-type=\"widget\" data-widget_type=\"heading.default\">\n\t\t\t\t<div class=\"elementor-widget-container\">\n\t\t\t\t\t<h2 class=\"elementor-heading-title elementor-size-default\">Die FriedensS\u00e4ule direkt vor Ihrem Haus aufstellen<\/h2>\t\t\t\t<\/div>\n\t\t\t\t<\/div>\n\t\t\t\t<div class=\"elementor-element elementor-element-fd8fc9b elementor-widget elementor-widget-text-editor\" data-id=\"fd8fc9b\" data-element_type=\"widget\" data-e-type=\"widget\" data-widget_type=\"text-editor.default\">\n\t\t\t\t<div class=\"elementor-widget-container\">\n\t\t\t\t\t\t\t\t\t<p>Mit der \u201eAugmented Reality\u201c \u00a0(AR) also der \u201eErweiterten Realit\u00e4t\u201c ist es\u00a0<span style=\"word-spacing: normal;\">auf Ihrem Smartphone oder Tablet\u00a0<\/span><span style=\"word-spacing: normal;\">m\u00f6glich, das 3D-Modell der S\u00e4ule auf einer leeren, gen\u00fcgend gro\u00dfen Fl\u00e4che, z.B. vor Ihrem Haus oder auch auf Ihrem K\u00fcchentisch zu positionieren.\u00a0<\/span><span style=\"word-spacing: normal;\">M\u00f6ge die Friedenss\u00e4ule auf<br \/>diese Weise an vielen Orten der Welt zu sehen sein!\u00a0<\/span><span style=\"word-spacing: normal;\">Viel Spass dabei!<\/span><\/p>\t\t\t\t\t\t\t\t<\/div>\n\t\t\t\t<\/div>\n\t\t\t\t<section class=\"elementor-section elementor-inner-section elementor-element elementor-element-3e22100 elementor-reverse-mobile elementor-section-boxed elementor-section-height-default elementor-section-height-default\" data-id=\"3e22100\" data-element_type=\"section\" data-e-type=\"section\">\n\t\t\t\t\t\t<div class=\"elementor-container elementor-column-gap-default\">\n\t\t\t\t\t<div class=\"elementor-column elementor-col-50 elementor-inner-column elementor-element elementor-element-f926ca4\" data-id=\"f926ca4\" data-element_type=\"column\" data-e-type=\"column\">\n\t\t\t<div class=\"elementor-widget-wrap elementor-element-populated\">\n\t\t\t\t\t\t<div class=\"elementor-element elementor-element-dce645c elementor-widget elementor-widget-image\" data-id=\"dce645c\" data-element_type=\"widget\" data-e-type=\"widget\" data-widget_type=\"image.default\">\n\t\t\t\t<div class=\"elementor-widget-container\">\n\t\t\t\t\t\t\t\t\t\t\t\t\t\t\t\t<a href=\"https:\/\/sketchfab.com\/3d-models\/friedenstraum-ar-19a34c97fc324cfd844165eb5462450a\">\n\t\t\t\t\t\t\t<img decoding=\"async\" width=\"400\" height=\"400\" src=\"https:\/\/denkmal.arctron.de\/friedenstraum\/wp-content\/uploads\/sites\/38\/2024\/07\/qrcode1.png\" class=\"elementor-animation-grow attachment-large size-large wp-image-1524\" alt=\"\" srcset=\"https:\/\/denkmal.arctron.de\/friedenstraum\/wp-content\/uploads\/sites\/38\/2024\/07\/qrcode1.png 400w, https:\/\/denkmal.arctron.de\/friedenstraum\/wp-content\/uploads\/sites\/38\/2024\/07\/qrcode1-300x300.png 300w, https:\/\/denkmal.arctron.de\/friedenstraum\/wp-content\/uploads\/sites\/38\/2024\/07\/qrcode1-150x150.png 150w, https:\/\/denkmal.arctron.de\/friedenstraum\/wp-content\/uploads\/sites\/38\/2024\/07\/qrcode1-12x12.png 12w\" sizes=\"(max-width: 400px) 100vw, 400px\" \/>\t\t\t\t\t\t\t\t<\/a>\n\t\t\t\t\t\t\t\t\t\t\t\t\t\t\t<\/div>\n\t\t\t\t<\/div>\n\t\t\t\t\t<\/div>\n\t\t<\/div>\n\t\t\t\t<div class=\"elementor-column elementor-col-50 elementor-inner-column elementor-element elementor-element-9b48ac6\" data-id=\"9b48ac6\" data-element_type=\"column\" data-e-type=\"column\">\n\t\t\t<div class=\"elementor-widget-wrap elementor-element-populated\">\n\t\t\t\t\t\t<div class=\"elementor-element elementor-element-340a1bb elementor-widget elementor-widget-video\" data-id=\"340a1bb\" data-element_type=\"widget\" data-e-type=\"widget\" data-settings=\"{&quot;video_type&quot;:&quot;vimeo&quot;,&quot;loop&quot;:&quot;yes&quot;}\" data-widget_type=\"video.default\">\n\t\t\t\t<div class=\"elementor-widget-container\">\n\t\t\t\t\t\t\t<div class=\"elementor-wrapper elementor-open-inline\">\n\t\t\t<iframe class=\"elementor-video-iframe\" allowfullscreen allow=\"clipboard-write\" title=\"vimeo Video Player\" src=\"https:\/\/player.vimeo.com\/video\/984979520?color&amp;autopause=0&amp;loop=1&amp;muted=0&amp;title=0&amp;portrait=0&amp;byline=0&amp;h=b53f5c6369#t=\"><\/iframe>\t\t<\/div>\n\t\t\t\t\t\t<\/div>\n\t\t\t\t<\/div>\n\t\t\t\t\t<\/div>\n\t\t<\/div>\n\t\t\t\t\t<\/div>\n\t\t<\/section>\n\t\t\t\t<div class=\"elementor-element elementor-element-333d3fc elementor-widget elementor-widget-text-editor\" data-id=\"333d3fc\" data-element_type=\"widget\" data-e-type=\"widget\" data-widget_type=\"text-editor.default\">\n\t\t\t\t<div class=\"elementor-widget-container\">\n\t\t\t\t\t\t\t\t\t<p>Scannen Sie den QR-Code, \u00f6ffnen Sie den Link und w\u00e4hlen unten rechts das AR-Symbol aus. Folgen Sie dann den Anweisungen auf dem Bildschirm und stellen die S\u00e4ule bei sich selbst z.B. vor Ihrer T\u00fcr auf.&nbsp;<span style=\"word-spacing: normal;\">Im Video rechts sehen Sie, wie die Friedenss\u00e4ule &#8222;magisch&#8220; vor dem Firmengeb\u00e4ude&nbsp; der ArcTron 3D GmbH bewundert werden kann.<\/span><\/p>\t\t\t\t\t\t\t\t<\/div>\n\t\t\t\t<\/div>\n\t\t\t\t<div class=\"elementor-element elementor-element-ead6f08 elementor-widget elementor-widget-image\" data-id=\"ead6f08\" data-element_type=\"widget\" data-e-type=\"widget\" data-widget_type=\"image.default\">\n\t\t\t\t<div class=\"elementor-widget-container\">\n\t\t\t\t\t\t\t\t\t\t\t\t\t\t\t\t<a href=\"https:\/\/www.aktionkultursozial.de\">\n\t\t\t\t\t\t\t<img loading=\"lazy\" decoding=\"async\" width=\"800\" height=\"95\" src=\"https:\/\/denkmal.arctron.de\/friedenstraum\/wp-content\/uploads\/sites\/38\/2024\/07\/Logo_AktionKulturSozial_freigestellt-1024x122.png\" class=\"elementor-animation-grow attachment-large size-large wp-image-1296\" alt=\"\" srcset=\"https:\/\/denkmal.arctron.de\/friedenstraum\/wp-content\/uploads\/sites\/38\/2024\/07\/Logo_AktionKulturSozial_freigestellt-1024x122.png 1024w, https:\/\/denkmal.arctron.de\/friedenstraum\/wp-content\/uploads\/sites\/38\/2024\/07\/Logo_AktionKulturSozial_freigestellt-300x36.png 300w, https:\/\/denkmal.arctron.de\/friedenstraum\/wp-content\/uploads\/sites\/38\/2024\/07\/Logo_AktionKulturSozial_freigestellt-768x91.png 768w, https:\/\/denkmal.arctron.de\/friedenstraum\/wp-content\/uploads\/sites\/38\/2024\/07\/Logo_AktionKulturSozial_freigestellt-1536x183.png 1536w, https:\/\/denkmal.arctron.de\/friedenstraum\/wp-content\/uploads\/sites\/38\/2024\/07\/Logo_AktionKulturSozial_freigestellt-2048x244.png 2048w, https:\/\/denkmal.arctron.de\/friedenstraum\/wp-content\/uploads\/sites\/38\/2024\/07\/Logo_AktionKulturSozial_freigestellt-18x2.png 18w\" sizes=\"(max-width: 800px) 100vw, 800px\" \/>\t\t\t\t\t\t\t\t<\/a>\n\t\t\t\t\t\t\t\t\t\t\t\t\t\t\t<\/div>\n\t\t\t\t<\/div>\n\t\t\t\t<div class=\"elementor-element elementor-element-9ad9b94 elementor-widget elementor-widget-text-editor\" data-id=\"9ad9b94\" data-element_type=\"widget\" data-e-type=\"widget\" data-widget_type=\"text-editor.default\">\n\t\t\t\t<div class=\"elementor-widget-container\">\n\t\t\t\t\t\t\t\t\t<h4><span style=\"color: #323232; font-size: 9pt; font-weight: bold; letter-spacing: 2px; text-align: justify; text-transform: uppercase; word-spacing: normal;\">Ein Projekt von AktionKulturSozial mit Unterst\u00fctzung von: Arch\u00e4oTeam GmbH, ArcTron 3D GmbH, Bechtle IT-Systemhaus Regensburg, Fam. Bruse, Elektro Gr\u00f6schl GmbH, Ulla Engelke, Feldmann Restaurierung, Guggenberger GmbH, Hans K\u00fcffner GmbH, Historisches Museum Regensburg, W. Janka, Lions Club Regensburg Castra Regina, T. Osterhaus, W. Otto, B. Sch\u00f6n, S. Watzlawik, Wittich Design, Fam. Zuber sowie mehreren hundert Besuchern des Gassenfestes, die den Sockel der S\u00e4ule mit bunten Fingerabdr\u00fccken signiert haben.<\/span><\/h4>\n<p style=\"margin-bottom: 6.0pt; text-align: justify;\">\n<\/p>\t\t\t\t\t\t\t\t<\/div>\n\t\t\t\t<\/div>\n\t\t\t\t<section class=\"elementor-section elementor-inner-section elementor-element elementor-element-8a088b6 elementor-section-boxed elementor-section-height-default elementor-section-height-default\" data-id=\"8a088b6\" data-element_type=\"section\" data-e-type=\"section\">\n\t\t\t\t\t\t<div class=\"elementor-container elementor-column-gap-default\">\n\t\t\t\t\t<div class=\"elementor-column elementor-col-50 elementor-inner-column elementor-element elementor-element-67b5114\" data-id=\"67b5114\" data-element_type=\"column\" data-e-type=\"column\">\n\t\t\t<div class=\"elementor-widget-wrap elementor-element-populated\">\n\t\t\t\t\t\t<div class=\"elementor-element elementor-element-1a417c7 elementor-widget elementor-widget-image\" data-id=\"1a417c7\" data-element_type=\"widget\" data-e-type=\"widget\" data-widget_type=\"image.default\">\n\t\t\t\t<div class=\"elementor-widget-container\">\n\t\t\t\t\t\t\t\t\t\t\t\t\t\t\t\t<a href=\"https:\/\/regensburg-castra-regina.lions.de\/\">\n\t\t\t\t\t\t\t<img loading=\"lazy\" decoding=\"async\" width=\"800\" height=\"800\" src=\"https:\/\/denkmal.arctron.de\/friedenstraum\/wp-content\/uploads\/sites\/38\/2024\/07\/lionsclub-castraregina_layout_set_logo-1024x1024.png\" class=\"elementor-animation-grow attachment-large size-large wp-image-1577\" alt=\"\" srcset=\"https:\/\/denkmal.arctron.de\/friedenstraum\/wp-content\/uploads\/sites\/38\/2024\/07\/lionsclub-castraregina_layout_set_logo-1024x1024.png 1024w, https:\/\/denkmal.arctron.de\/friedenstraum\/wp-content\/uploads\/sites\/38\/2024\/07\/lionsclub-castraregina_layout_set_logo-300x300.png 300w, https:\/\/denkmal.arctron.de\/friedenstraum\/wp-content\/uploads\/sites\/38\/2024\/07\/lionsclub-castraregina_layout_set_logo-150x150.png 150w, https:\/\/denkmal.arctron.de\/friedenstraum\/wp-content\/uploads\/sites\/38\/2024\/07\/lionsclub-castraregina_layout_set_logo-768x768.png 768w, https:\/\/denkmal.arctron.de\/friedenstraum\/wp-content\/uploads\/sites\/38\/2024\/07\/lionsclub-castraregina_layout_set_logo-12x12.png 12w, https:\/\/denkmal.arctron.de\/friedenstraum\/wp-content\/uploads\/sites\/38\/2024\/07\/lionsclub-castraregina_layout_set_logo.png 1080w\" sizes=\"(max-width: 800px) 100vw, 800px\" \/>\t\t\t\t\t\t\t\t<\/a>\n\t\t\t\t\t\t\t\t\t\t\t\t\t\t\t<\/div>\n\t\t\t\t<\/div>\n\t\t\t\t\t<\/div>\n\t\t<\/div>\n\t\t\t\t<div class=\"elementor-column elementor-col-50 elementor-inner-column elementor-element elementor-element-7a4630a\" data-id=\"7a4630a\" data-element_type=\"column\" data-e-type=\"column\">\n\t\t\t<div class=\"elementor-widget-wrap elementor-element-populated\">\n\t\t\t\t\t\t<div class=\"elementor-element elementor-element-f0aa2ac elementor-widget elementor-widget-image\" data-id=\"f0aa2ac\" data-element_type=\"widget\" data-e-type=\"widget\" data-widget_type=\"image.default\">\n\t\t\t\t<div class=\"elementor-widget-container\">\n\t\t\t\t\t\t\t\t\t\t\t\t\t\t\t\t<a href=\"https:\/\/www.bechtle.com\/\">\n\t\t\t\t\t\t\t<img loading=\"lazy\" decoding=\"async\" width=\"215\" height=\"181\" src=\"https:\/\/denkmal.arctron.de\/friedenstraum\/wp-content\/uploads\/sites\/38\/2024\/07\/logo-bechtle.png\" class=\"elementor-animation-grow attachment-large size-large wp-image-1588\" alt=\"\" srcset=\"https:\/\/denkmal.arctron.de\/friedenstraum\/wp-content\/uploads\/sites\/38\/2024\/07\/logo-bechtle.png 215w, https:\/\/denkmal.arctron.de\/friedenstraum\/wp-content\/uploads\/sites\/38\/2024\/07\/logo-bechtle-14x12.png 14w\" sizes=\"(max-width: 215px) 100vw, 215px\" \/>\t\t\t\t\t\t\t\t<\/a>\n\t\t\t\t\t\t\t\t\t\t\t\t\t\t\t<\/div>\n\t\t\t\t<\/div>\n\t\t\t\t\t<\/div>\n\t\t<\/div>\n\t\t\t\t\t<\/div>\n\t\t<\/section>\n\t\t\t\t\t<\/div>\n\t\t<\/div>\n\t\t\t\t\t<\/div>\n\t\t<\/section>\n\t\t\t\t<\/div>","protected":false},"excerpt":{"rendered":"<p>Weitere Projekte DIE &#8222;S\u00c4ULE F\u00dcR DEN FRIEDEN&#8220; Raum f\u00fcr Kultur,&hellip;<\/p>\n<p> <a class=\"more-link\" href=\"https:\/\/denkmal.arctron.de\/friedenstraum\/en\/\">Read more<\/a><\/p>","protected":false},"author":1,"featured_media":0,"parent":0,"menu_order":0,"comment_status":"closed","ping_status":"closed","template":"elementor_header_footer","meta":{"footnotes":""},"class_list":["post-17","page","type-page","status-publish"],"yoast_head":"<!-- This site is optimized with the Yoast SEO plugin v27.0 - https:\/\/yoast.com\/product\/yoast-seo-wordpress\/ -->\n<title>Home - Friedenstraum<\/title>\n<meta name=\"description\" content=\"Die Igeler S\u00e4ule wurde von ArcTron 3D GmbH in Sub-mm Bereich mithilfe von Laiserscans und Photogrammetrieverfahren digital dokumentiert.\" \/>\n<meta name=\"robots\" content=\"index, follow, max-snippet:-1, max-image-preview:large, max-video-preview:-1\" \/>\n<link rel=\"canonical\" href=\"https:\/\/denkmal.arctron.de\/friedenstraum\/en\/\" \/>\n<meta property=\"og:locale\" content=\"en_GB\" \/>\n<meta property=\"og:type\" content=\"article\" \/>\n<meta property=\"og:title\" content=\"Home - Friedenstraum\" \/>\n<meta property=\"og:description\" content=\"Die Igeler S\u00e4ule wurde von ArcTron 3D GmbH in Sub-mm Bereich mithilfe von Laiserscans und Photogrammetrieverfahren digital dokumentiert.\" \/>\n<meta property=\"og:url\" content=\"https:\/\/denkmal.arctron.de\/friedenstraum\/en\/\" \/>\n<meta property=\"og:site_name\" content=\"Friedenstraum\" \/>\n<meta property=\"article:modified_time\" content=\"2024-09-19T08:36:17+00:00\" \/>\n<meta property=\"og:image\" content=\"https:\/\/denkmal.arctron.de\/friedenstraum\/wp-content\/uploads\/sites\/38\/elementor\/thumbs\/Friedenssaeule_HisMuseumRgb-qqnnntq3bcpv3ud26ln7m42h3u2u30lc4wixwzubjw.jpg\" \/>\n<meta name=\"twitter:card\" content=\"summary_large_image\" \/>\n<meta name=\"twitter:label1\" content=\"Estimated reading time\" \/>\n\t<meta name=\"twitter:data1\" content=\"9 minutes\" \/>\n<script type=\"application\/ld+json\" class=\"yoast-schema-graph\">{\"@context\":\"https:\/\/schema.org\",\"@graph\":[{\"@type\":\"WebPage\",\"@id\":\"https:\/\/denkmal.arctron.de\/friedenstraum\/\",\"url\":\"https:\/\/denkmal.arctron.de\/friedenstraum\/\",\"name\":\"Home - Friedenstraum\",\"isPartOf\":{\"@id\":\"https:\/\/denkmal.arctron.de\/friedenstraum\/#website\"},\"primaryImageOfPage\":{\"@id\":\"https:\/\/denkmal.arctron.de\/friedenstraum\/#primaryimage\"},\"image\":{\"@id\":\"https:\/\/denkmal.arctron.de\/friedenstraum\/#primaryimage\"},\"thumbnailUrl\":\"https:\/\/denkmal.arctron.de\/friedenstraum\/wp-content\/uploads\/sites\/38\/elementor\/thumbs\/Friedenssaeule_HisMuseumRgb-qqnnntq3bcpv3ud26ln7m42h3u2u30lc4wixwzubjw.jpg\",\"datePublished\":\"2020-08-12T09:11:58+00:00\",\"dateModified\":\"2024-09-19T08:36:17+00:00\",\"description\":\"Die Igeler S\u00e4ule wurde von ArcTron 3D GmbH in Sub-mm Bereich mithilfe von Laiserscans und Photogrammetrieverfahren digital dokumentiert.\",\"breadcrumb\":{\"@id\":\"https:\/\/denkmal.arctron.de\/friedenstraum\/#breadcrumb\"},\"inLanguage\":\"en-GB\",\"potentialAction\":[{\"@type\":\"ReadAction\",\"target\":[\"https:\/\/denkmal.arctron.de\/friedenstraum\/\"]}]},{\"@type\":\"ImageObject\",\"inLanguage\":\"en-GB\",\"@id\":\"https:\/\/denkmal.arctron.de\/friedenstraum\/#primaryimage\",\"url\":\"https:\/\/denkmal.arctron.de\/friedenstraum\/wp-content\/uploads\/sites\/38\/elementor\/thumbs\/Friedenssaeule_HisMuseumRgb-qqnnntq3bcpv3ud26ln7m42h3u2u30lc4wixwzubjw.jpg\",\"contentUrl\":\"https:\/\/denkmal.arctron.de\/friedenstraum\/wp-content\/uploads\/sites\/38\/elementor\/thumbs\/Friedenssaeule_HisMuseumRgb-qqnnntq3bcpv3ud26ln7m42h3u2u30lc4wixwzubjw.jpg\"},{\"@type\":\"BreadcrumbList\",\"@id\":\"https:\/\/denkmal.arctron.de\/friedenstraum\/#breadcrumb\",\"itemListElement\":[{\"@type\":\"ListItem\",\"position\":1,\"name\":\"Home\",\"item\":\"https:\/\/denkmal.arctron.de\/friedenstraum\/\"},{\"@type\":\"ListItem\",\"position\":2,\"name\":\"Home\"}]},{\"@type\":\"WebSite\",\"@id\":\"https:\/\/denkmal.arctron.de\/friedenstraum\/#website\",\"url\":\"https:\/\/denkmal.arctron.de\/friedenstraum\/\",\"name\":\"Friedenstraum\",\"description\":\"\u00dcbersicht \u00fcber verschiedene Denkmalprojekte\",\"potentialAction\":[{\"@type\":\"SearchAction\",\"target\":{\"@type\":\"EntryPoint\",\"urlTemplate\":\"https:\/\/denkmal.arctron.de\/friedenstraum\/?s={search_term_string}\"},\"query-input\":{\"@type\":\"PropertyValueSpecification\",\"valueRequired\":true,\"valueName\":\"search_term_string\"}}],\"inLanguage\":\"en-GB\"}]}<\/script>\n<!-- \/ Yoast SEO plugin. -->","yoast_head_json":{"title":"Home - Friedenstraum","description":"Die Igeler S\u00e4ule wurde von ArcTron 3D GmbH in Sub-mm Bereich mithilfe von Laiserscans und Photogrammetrieverfahren digital dokumentiert.","robots":{"index":"index","follow":"follow","max-snippet":"max-snippet:-1","max-image-preview":"max-image-preview:large","max-video-preview":"max-video-preview:-1"},"canonical":"https:\/\/denkmal.arctron.de\/friedenstraum\/en\/","og_locale":"en_GB","og_type":"article","og_title":"Home - Friedenstraum","og_description":"Die Igeler S\u00e4ule wurde von ArcTron 3D GmbH in Sub-mm Bereich mithilfe von Laiserscans und Photogrammetrieverfahren digital dokumentiert.","og_url":"https:\/\/denkmal.arctron.de\/friedenstraum\/en\/","og_site_name":"Friedenstraum","article_modified_time":"2024-09-19T08:36:17+00:00","og_image":[{"url":"https:\/\/denkmal.arctron.de\/friedenstraum\/wp-content\/uploads\/sites\/38\/elementor\/thumbs\/Friedenssaeule_HisMuseumRgb-qqnnntq3bcpv3ud26ln7m42h3u2u30lc4wixwzubjw.jpg","type":"","width":"","height":""}],"twitter_card":"summary_large_image","twitter_misc":{"Estimated reading time":"9 minutes"},"schema":{"@context":"https:\/\/schema.org","@graph":[{"@type":"WebPage","@id":"https:\/\/denkmal.arctron.de\/friedenstraum\/","url":"https:\/\/denkmal.arctron.de\/friedenstraum\/","name":"Home - Friedenstraum","isPartOf":{"@id":"https:\/\/denkmal.arctron.de\/friedenstraum\/#website"},"primaryImageOfPage":{"@id":"https:\/\/denkmal.arctron.de\/friedenstraum\/#primaryimage"},"image":{"@id":"https:\/\/denkmal.arctron.de\/friedenstraum\/#primaryimage"},"thumbnailUrl":"https:\/\/denkmal.arctron.de\/friedenstraum\/wp-content\/uploads\/sites\/38\/elementor\/thumbs\/Friedenssaeule_HisMuseumRgb-qqnnntq3bcpv3ud26ln7m42h3u2u30lc4wixwzubjw.jpg","datePublished":"2020-08-12T09:11:58+00:00","dateModified":"2024-09-19T08:36:17+00:00","description":"Die Igeler S\u00e4ule wurde von ArcTron 3D GmbH in Sub-mm Bereich mithilfe von Laiserscans und Photogrammetrieverfahren digital dokumentiert.","breadcrumb":{"@id":"https:\/\/denkmal.arctron.de\/friedenstraum\/#breadcrumb"},"inLanguage":"en-GB","potentialAction":[{"@type":"ReadAction","target":["https:\/\/denkmal.arctron.de\/friedenstraum\/"]}]},{"@type":"ImageObject","inLanguage":"en-GB","@id":"https:\/\/denkmal.arctron.de\/friedenstraum\/#primaryimage","url":"https:\/\/denkmal.arctron.de\/friedenstraum\/wp-content\/uploads\/sites\/38\/elementor\/thumbs\/Friedenssaeule_HisMuseumRgb-qqnnntq3bcpv3ud26ln7m42h3u2u30lc4wixwzubjw.jpg","contentUrl":"https:\/\/denkmal.arctron.de\/friedenstraum\/wp-content\/uploads\/sites\/38\/elementor\/thumbs\/Friedenssaeule_HisMuseumRgb-qqnnntq3bcpv3ud26ln7m42h3u2u30lc4wixwzubjw.jpg"},{"@type":"BreadcrumbList","@id":"https:\/\/denkmal.arctron.de\/friedenstraum\/#breadcrumb","itemListElement":[{"@type":"ListItem","position":1,"name":"Home","item":"https:\/\/denkmal.arctron.de\/friedenstraum\/"},{"@type":"ListItem","position":2,"name":"Home"}]},{"@type":"WebSite","@id":"https:\/\/denkmal.arctron.de\/friedenstraum\/#website","url":"https:\/\/denkmal.arctron.de\/friedenstraum\/","name":"Friedenstraum","description":"\u00dcbersicht \u00fcber verschiedene Denkmalprojekte","potentialAction":[{"@type":"SearchAction","target":{"@type":"EntryPoint","urlTemplate":"https:\/\/denkmal.arctron.de\/friedenstraum\/?s={search_term_string}"},"query-input":{"@type":"PropertyValueSpecification","valueRequired":true,"valueName":"search_term_string"}}],"inLanguage":"en-GB"}]}},"_links":{"self":[{"href":"https:\/\/denkmal.arctron.de\/friedenstraum\/en\/wp-json\/wp\/v2\/pages\/17","targetHints":{"allow":["GET"]}}],"collection":[{"href":"https:\/\/denkmal.arctron.de\/friedenstraum\/en\/wp-json\/wp\/v2\/pages"}],"about":[{"href":"https:\/\/denkmal.arctron.de\/friedenstraum\/en\/wp-json\/wp\/v2\/types\/page"}],"author":[{"embeddable":true,"href":"https:\/\/denkmal.arctron.de\/friedenstraum\/en\/wp-json\/wp\/v2\/users\/1"}],"replies":[{"embeddable":true,"href":"https:\/\/denkmal.arctron.de\/friedenstraum\/en\/wp-json\/wp\/v2\/comments?post=17"}],"version-history":[{"count":834,"href":"https:\/\/denkmal.arctron.de\/friedenstraum\/en\/wp-json\/wp\/v2\/pages\/17\/revisions"}],"predecessor-version":[{"id":1624,"href":"https:\/\/denkmal.arctron.de\/friedenstraum\/en\/wp-json\/wp\/v2\/pages\/17\/revisions\/1624"}],"wp:attachment":[{"href":"https:\/\/denkmal.arctron.de\/friedenstraum\/en\/wp-json\/wp\/v2\/media?parent=17"}],"curies":[{"name":"wp","href":"https:\/\/api.w.org\/{rel}","templated":true}]}}